{"id":802,"date":"2019-08-11T14:11:03","date_gmt":"2019-08-11T12:11:03","guid":{"rendered":"https:\/\/midtsjaelland.danmarksveteraner.dk\/wordpress\/?page_id=802"},"modified":"2022-01-18T12:36:37","modified_gmt":"2022-01-18T11:36:37","slug":"2019-2","status":"publish","type":"page","link":"https:\/\/midtsjaelland.danmarksveteraner.dk\/wordpress\/billeder\/2019-2\/","title":{"rendered":"2019"},"content":{"rendered":"\n<p><\/p>\n\n\n\n<figure class=\"wp-block-table\"><table class=\"has-fixed-layout\"><tbody><tr><td class=\"has-text-align-center\" data-align=\"center\"><a href=\"https:\/\/midtsjaelland.danmarksveteraner.dk\/wordpress\/wp-content\/uploads\/2019\/08\/P1070689-Kopi-2.jpg\"><img loading=\"lazy\" decoding=\"async\" width=\"150\" height=\"112\" class=\"wp-image-817\" style=\"width: 150px;\" src=\"https:\/\/midtsjaelland.danmarksveteraner.dk\/wordpress\/wp-content\/uploads\/2019\/08\/P1070689-Kopi-2.jpg\" alt=\"2018-19 Vinterskydning\" srcset=\"https:\/\/midtsjaelland.danmarksveteraner.dk\/wordpress\/wp-content\/uploads\/2019\/08\/P1070689-Kopi-2.jpg 2686w, https:\/\/midtsjaelland.danmarksveteraner.dk\/wordpress\/wp-content\/uploads\/2019\/08\/P1070689-Kopi-2-300x225.jpg 300w, https:\/\/midtsjaelland.danmarksveteraner.dk\/wordpress\/wp-content\/uploads\/2019\/08\/P1070689-Kopi-2-768x576.jpg 768w, https:\/\/midtsjaelland.danmarksveteraner.dk\/wordpress\/wp-content\/uploads\/2019\/08\/P1070689-Kopi-2-1024x768.jpg 1024w\" sizes=\"auto, (max-width: 150px) 100vw, 150px\" \/><\/a><\/td><td class=\"has-text-align-center\" data-align=\"center\"><a href=\"https:\/\/midtsjaelland.danmarksveteraner.dk\/wordpress\/wp-content\/uploads\/2019\/08\/Gunnar-Petersen-Finn-Toldal-Fl.-Pedersen.jpg\" target=\"_blank\" rel=\"noreferrer noopener\" aria-label=\"\ufffc (opens in a new tab)\"><img loading=\"lazy\" decoding=\"async\" width=\"150\" height=\"113\" class=\"wp-image-1370\" style=\"width: 150px;\" src=\"https:\/\/midtsjaelland.danmarksveteraner.dk\/wordpress\/wp-content\/uploads\/2019\/09\/2019-03-28-10-\u00e5rs-n\u00e5l-Gunnar-Petersen-Finn-Toldal-Fl.-Pedersen.jpg\" alt=\"2019-03-28 Generalforsamling\" srcset=\"https:\/\/midtsjaelland.danmarksveteraner.dk\/wordpress\/wp-content\/uploads\/2019\/09\/2019-03-28-10-\u00e5rs-n\u00e5l-Gunnar-Petersen-Finn-Toldal-Fl.-Pedersen.jpg 1780w, https:\/\/midtsjaelland.danmarksveteraner.dk\/wordpress\/wp-content\/uploads\/2019\/09\/2019-03-28-10-\u00e5rs-n\u00e5l-Gunnar-Petersen-Finn-Toldal-Fl.-Pedersen-300x225.jpg 300w, https:\/\/midtsjaelland.danmarksveteraner.dk\/wordpress\/wp-content\/uploads\/2019\/09\/2019-03-28-10-\u00e5rs-n\u00e5l-Gunnar-Petersen-Finn-Toldal-Fl.-Pedersen-768x576.jpg 768w, https:\/\/midtsjaelland.danmarksveteraner.dk\/wordpress\/wp-content\/uploads\/2019\/09\/2019-03-28-10-\u00e5rs-n\u00e5l-Gunnar-Petersen-Finn-Toldal-Fl.-Pedersen-1024x768.jpg 1024w\" sizes=\"auto, (max-width: 150px) 100vw, 150px\" \/><\/a><\/td><td class=\"has-text-align-center\" data-align=\"center\"><a href=\"https:\/\/midtsjaelland.danmarksveteraner.dk\/wordpress\/wp-content\/uploads\/2019\/08\/M.-Andresen-Fl.-Jepsen-Th.S.-Kristensen-Tim-Larsen.jpg\" target=\"_blank\" rel=\"noreferrer noopener\" aria-label=\"\ufffc (opens in a new tab)\"><img loading=\"lazy\" decoding=\"async\" width=\"150\" height=\"113\" class=\"wp-image-928\" style=\"width: 150px;\" src=\"https:\/\/midtsjaelland.danmarksveteraner.dk\/wordpress\/wp-content\/uploads\/2019\/08\/2019-03-28-25-\u00e5rs-medaljemodtagere.jpg\" alt=\"2019-03-28 Generalforsamling\" srcset=\"https:\/\/midtsjaelland.danmarksveteraner.dk\/wordpress\/wp-content\/uploads\/2019\/08\/2019-03-28-25-\u00e5rs-medaljemodtagere.jpg 2552w, https:\/\/midtsjaelland.danmarksveteraner.dk\/wordpress\/wp-content\/uploads\/2019\/08\/2019-03-28-25-\u00e5rs-medaljemodtagere-300x225.jpg 300w, https:\/\/midtsjaelland.danmarksveteraner.dk\/wordpress\/wp-content\/uploads\/2019\/08\/2019-03-28-25-\u00e5rs-medaljemodtagere-768x576.jpg 768w, https:\/\/midtsjaelland.danmarksveteraner.dk\/wordpress\/wp-content\/uploads\/2019\/08\/2019-03-28-25-\u00e5rs-medaljemodtagere-1024x768.jpg 1024w\" sizes=\"auto, (max-width: 150px) 100vw, 150px\" \/><\/a><\/td><\/tr><tr><td class=\"has-text-align-center\" data-align=\"center\">2018 &#8211; 2019<br>Vinterskydning<br>2 Nicolai Krogh<br>1 Henrik Krogh<br>3 Fl. Jepsen<\/td><td class=\"has-text-align-center\" data-align=\"center\">2019-03-28<br>Generalforsamling<br>10 \u00e5rs n\u00e5l til<br>Gunnar Petersen &#8211; <br>Finn Aage Toldal &#8211;<br>Flemming Pedersen<\/td><td class=\"has-text-align-center\" data-align=\"center\">2019-03-28 Generalforsamling<br>25 \u00e5rs medalje til<br>Michael Andresen &#8211; Flemming Jepsen<br>Thorkild S\u00f8ndergaard Kristensen &#8211; Tim Larsen<br><\/td><\/tr><tr><td class=\"has-text-align-center\" data-align=\"center\"><a href=\"https:\/\/midtsjaelland.danmarksveteraner.dk\/wordpress\/wp-content\/uploads\/2019\/08\/Frede-Hensen-40-\u00e5rs-medalje.jpg\"><img loading=\"lazy\" decoding=\"async\" width=\"150\" height=\"200\" class=\"wp-image-829\" style=\"width: 150px;\" src=\"https:\/\/midtsjaelland.danmarksveteraner.dk\/wordpress\/wp-content\/uploads\/2019\/08\/Frede-Hensen-40-\u00e5rs-medalje.jpg\" alt=\"2019-03-28 Generalforsamling\" srcset=\"https:\/\/midtsjaelland.danmarksveteraner.dk\/wordpress\/wp-content\/uploads\/2019\/08\/Frede-Hensen-40-\u00e5rs-medalje.jpg 3043w, https:\/\/midtsjaelland.danmarksveteraner.dk\/wordpress\/wp-content\/uploads\/2019\/08\/Frede-Hensen-40-\u00e5rs-medalje-225x300.jpg 225w, https:\/\/midtsjaelland.danmarksveteraner.dk\/wordpress\/wp-content\/uploads\/2019\/08\/Frede-Hensen-40-\u00e5rs-medalje-768x1024.jpg 768w\" sizes=\"auto, (max-width: 150px) 100vw, 150px\" \/><\/a><\/td><td class=\"has-text-align-center\" data-align=\"center\"><a href=\"https:\/\/midtsjaelland.danmarksveteraner.dk\/wordpress\/wp-content\/uploads\/2019\/08\/2019-03-28-Kjeld-O.-Jensen-Danmarks-Veteraners-Fortjenstmedalje-i-Bronze-e1566891909121.jpg\"><img loading=\"lazy\" decoding=\"async\" width=\"150\" height=\"200\" class=\"wp-image-945\" style=\"width: 150px;\" src=\"https:\/\/midtsjaelland.danmarksveteraner.dk\/wordpress\/wp-content\/uploads\/2019\/08\/2019-03-28-Kjeld-O.-Jensen-Danmarks-Veteraners-Fortjenstmedalje-i-Bronze-e1566891909121.jpg\" alt=\"2019-03-28 Generalforsamling\" srcset=\"https:\/\/midtsjaelland.danmarksveteraner.dk\/wordpress\/wp-content\/uploads\/2019\/08\/2019-03-28-Kjeld-O.-Jensen-Danmarks-Veteraners-Fortjenstmedalje-i-Bronze-e1566891909121.jpg 665w, https:\/\/midtsjaelland.danmarksveteraner.dk\/wordpress\/wp-content\/uploads\/2019\/08\/2019-03-28-Kjeld-O.-Jensen-Danmarks-Veteraners-Fortjenstmedalje-i-Bronze-e1566891909121-225x300.jpg 225w\" sizes=\"auto, (max-width: 150px) 100vw, 150px\" \/><\/a><\/td><td class=\"has-text-align-center\" data-align=\"center\"><a href=\"https:\/\/midtsjaelland.danmarksveteraner.dk\/wordpress\/wp-content\/uploads\/2019\/08\/2019-03-28-Generalforsamling-deltagere-01.jpg\"><img loading=\"lazy\" decoding=\"async\" width=\"150\" height=\"112\" class=\"wp-image-974\" style=\"width: 150px;\" src=\"https:\/\/midtsjaelland.danmarksveteraner.dk\/wordpress\/wp-content\/uploads\/2019\/08\/2019-03-28-Generalforsamling-deltagere-01.jpg\" alt=\"2019-03-28 Generalforsamling - deltagere 01\" srcset=\"https:\/\/midtsjaelland.danmarksveteraner.dk\/wordpress\/wp-content\/uploads\/2019\/08\/2019-03-28-Generalforsamling-deltagere-01.jpg 1005w, https:\/\/midtsjaelland.danmarksveteraner.dk\/wordpress\/wp-content\/uploads\/2019\/08\/2019-03-28-Generalforsamling-deltagere-01-300x225.jpg 300w, https:\/\/midtsjaelland.danmarksveteraner.dk\/wordpress\/wp-content\/uploads\/2019\/08\/2019-03-28-Generalforsamling-deltagere-01-768x575.jpg 768w\" sizes=\"auto, (max-width: 150px) 100vw, 150px\" \/><\/a><\/td><\/tr><tr><td class=\"has-text-align-center\" data-align=\"center\">2019-03-28 Generalforsamling<br>40 \u00e5rs medalje til<br>Frede Hansen<\/td><td class=\"has-text-align-center\" data-align=\"center\">2019-03-28 Generalforsamling<br>Danmarks Veteraners<br>Fortjenstmedalje i Bronze til<br>Kjeld Ole Jensen<\/td><td class=\"has-text-align-center\" data-align=\"center\">2019-03-28 Generalforsamling &#8211; deltagere <\/td><\/tr><tr><td class=\"has-text-align-center\" data-align=\"center\"><a href=\"https:\/\/midtsjaelland.danmarksveteraner.dk\/wordpress\/wp-content\/uploads\/2019\/08\/2019-03-28-Generalforsamling-deltagere-02.jpg\"><img loading=\"lazy\" decoding=\"async\" width=\"150\" height=\"112\" class=\"wp-image-957\" style=\"width: 150px;\" src=\"https:\/\/midtsjaelland.danmarksveteraner.dk\/wordpress\/wp-content\/uploads\/2019\/08\/2019-03-28-Generalforsamling-deltagere-02.jpg\" alt=\"2019-03-28 Generalforsamling - deltagere 02\" srcset=\"https:\/\/midtsjaelland.danmarksveteraner.dk\/wordpress\/wp-content\/uploads\/2019\/08\/2019-03-28-Generalforsamling-deltagere-02.jpg 1005w, https:\/\/midtsjaelland.danmarksveteraner.dk\/wordpress\/wp-content\/uploads\/2019\/08\/2019-03-28-Generalforsamling-deltagere-02-300x225.jpg 300w, https:\/\/midtsjaelland.danmarksveteraner.dk\/wordpress\/wp-content\/uploads\/2019\/08\/2019-03-28-Generalforsamling-deltagere-02-768x575.jpg 768w\" sizes=\"auto, (max-width: 150px) 100vw, 150px\" \/><\/a><\/td><td class=\"has-text-align-center\" data-align=\"center\"><a href=\"https:\/\/midtsjaelland.danmarksveteraner.dk\/wordpress\/wp-content\/uploads\/2019\/08\/2019-03-28-Generalforsamling-deltagere-03.jpg\"><img loading=\"lazy\" decoding=\"async\" width=\"150\" height=\"112\" class=\"wp-image-963\" style=\"width: 150px;\" src=\"https:\/\/midtsjaelland.danmarksveteraner.dk\/wordpress\/wp-content\/uploads\/2019\/08\/2019-03-28-Generalforsamling-deltagere-03.jpg\" alt=\"2019-03-28 Generalforsamling - deltagere 03\" srcset=\"https:\/\/midtsjaelland.danmarksveteraner.dk\/wordpress\/wp-content\/uploads\/2019\/08\/2019-03-28-Generalforsamling-deltagere-03.jpg 1005w, https:\/\/midtsjaelland.danmarksveteraner.dk\/wordpress\/wp-content\/uploads\/2019\/08\/2019-03-28-Generalforsamling-deltagere-03-300x225.jpg 300w, https:\/\/midtsjaelland.danmarksveteraner.dk\/wordpress\/wp-content\/uploads\/2019\/08\/2019-03-28-Generalforsamling-deltagere-03-768x575.jpg 768w\" sizes=\"auto, (max-width: 150px) 100vw, 150px\" \/><\/a><\/td><td class=\"has-text-align-center\" data-align=\"center\"><a href=\"https:\/\/midtsjaelland.danmarksveteraner.dk\/wordpress\/wp-content\/uploads\/2019\/08\/2019-03-28-Generalforsamling-deltagere-04.jpg\"><img loading=\"lazy\" decoding=\"async\" width=\"150\" height=\"112\" class=\"wp-image-968\" style=\"width: 150px;\" src=\"https:\/\/midtsjaelland.danmarksveteraner.dk\/wordpress\/wp-content\/uploads\/2019\/08\/2019-03-28-Generalforsamling-deltagere-04.jpg\" alt=\"2019-03-28 Generalforsamling - deltagere 04\" srcset=\"https:\/\/midtsjaelland.danmarksveteraner.dk\/wordpress\/wp-content\/uploads\/2019\/08\/2019-03-28-Generalforsamling-deltagere-04.jpg 1005w, https:\/\/midtsjaelland.danmarksveteraner.dk\/wordpress\/wp-content\/uploads\/2019\/08\/2019-03-28-Generalforsamling-deltagere-04-300x225.jpg 300w, https:\/\/midtsjaelland.danmarksveteraner.dk\/wordpress\/wp-content\/uploads\/2019\/08\/2019-03-28-Generalforsamling-deltagere-04-768x575.jpg 768w\" sizes=\"auto, (max-width: 150px) 100vw, 150px\" \/><\/a><\/td><\/tr><tr><td class=\"has-text-align-center\" data-align=\"center\">2019-03-28 Generalforsamling &#8211; deltagere<\/td><td class=\"has-text-align-center\" data-align=\"center\">2019-03-28 Generalforsamling &#8211; deltagere <\/td><td class=\"has-text-align-center\" data-align=\"center\">2019-03-28 Generalforsamling &#8211; deltagere <\/td><\/tr><tr><td class=\"has-text-align-center\" data-align=\"center\"><a href=\"https:\/\/midtsjaelland.danmarksveteraner.dk\/wordpress\/wp-content\/uploads\/2019\/08\/2019-03-28-Generalforsamling-deltagere-05.jpg\"><img loading=\"lazy\" decoding=\"async\" width=\"150\" height=\"112\" class=\"wp-image-969\" style=\"width: 150px;\" src=\"https:\/\/midtsjaelland.danmarksveteraner.dk\/wordpress\/wp-content\/uploads\/2019\/08\/2019-03-28-Generalforsamling-deltagere-05.jpg\" alt=\"2019-03-28 Generalforsamling - deltagere 05\" srcset=\"https:\/\/midtsjaelland.danmarksveteraner.dk\/wordpress\/wp-content\/uploads\/2019\/08\/2019-03-28-Generalforsamling-deltagere-05.jpg 643w, https:\/\/midtsjaelland.danmarksveteraner.dk\/wordpress\/wp-content\/uploads\/2019\/08\/2019-03-28-Generalforsamling-deltagere-05-300x225.jpg 300w\" sizes=\"auto, (max-width: 150px) 100vw, 150px\" \/><\/a><\/td><td class=\"has-text-align-center\" data-align=\"center\"><a href=\"https:\/\/midtsjaelland.danmarksveteraner.dk\/wordpress\/wp-content\/uploads\/2019\/08\/2019-03-28-Generalforsamling-Fanen-f\u00f8res-ud.jpg\"><img loading=\"lazy\" decoding=\"async\" width=\"150\" height=\"113\" class=\"wp-image-979\" style=\"width: 150px;\" src=\"https:\/\/midtsjaelland.danmarksveteraner.dk\/wordpress\/wp-content\/uploads\/2019\/08\/2019-03-28-Generalforsamling-Fanen-f\u00f8res-ud.jpg\" alt=\"2019-03-28 Generalforsamling - Fanen f\u00f8res ud\" srcset=\"https:\/\/midtsjaelland.danmarksveteraner.dk\/wordpress\/wp-content\/uploads\/2019\/08\/2019-03-28-Generalforsamling-Fanen-f\u00f8res-ud.jpg 1920w, https:\/\/midtsjaelland.danmarksveteraner.dk\/wordpress\/wp-content\/uploads\/2019\/08\/2019-03-28-Generalforsamling-Fanen-f\u00f8res-ud-300x225.jpg 300w, https:\/\/midtsjaelland.danmarksveteraner.dk\/wordpress\/wp-content\/uploads\/2019\/08\/2019-03-28-Generalforsamling-Fanen-f\u00f8res-ud-768x576.jpg 768w, https:\/\/midtsjaelland.danmarksveteraner.dk\/wordpress\/wp-content\/uploads\/2019\/08\/2019-03-28-Generalforsamling-Fanen-f\u00f8res-ud-1024x768.jpg 1024w\" sizes=\"auto, (max-width: 150px) 100vw, 150px\" \/><\/a><\/td><td class=\"has-text-align-center\" data-align=\"center\"><a href=\"https:\/\/midtsjaelland.danmarksveteraner.dk\/wordpress\/wp-content\/uploads\/2019\/08\/2019-03-28-Bannergaard-25-\u00e5rs-medalje-P.B.-Larsen-10-\u00e5rs-n\u00e5l-J.-Mehlsen.jpg\"><img loading=\"lazy\" decoding=\"async\" width=\"150\" height=\"112\" class=\"wp-image-940\" style=\"width: 150px;\" src=\"https:\/\/midtsjaelland.danmarksveteraner.dk\/wordpress\/wp-content\/uploads\/2019\/08\/2019-03-28-Bannergaard-25-\u00e5rs-medalje-P.B.-Larsen-10-\u00e5rs-n\u00e5l-J.-Mehlsen.jpg\" alt=\"2019-04-25 Klubm\u00f8de\" srcset=\"https:\/\/midtsjaelland.danmarksveteraner.dk\/wordpress\/wp-content\/uploads\/2019\/08\/2019-03-28-Bannergaard-25-\u00e5rs-medalje-P.B.-Larsen-10-\u00e5rs-n\u00e5l-J.-Mehlsen.jpg 1005w, https:\/\/midtsjaelland.danmarksveteraner.dk\/wordpress\/wp-content\/uploads\/2019\/08\/2019-03-28-Bannergaard-25-\u00e5rs-medalje-P.B.-Larsen-10-\u00e5rs-n\u00e5l-J.-Mehlsen-300x225.jpg 300w, https:\/\/midtsjaelland.danmarksveteraner.dk\/wordpress\/wp-content\/uploads\/2019\/08\/2019-03-28-Bannergaard-25-\u00e5rs-medalje-P.B.-Larsen-10-\u00e5rs-n\u00e5l-J.-Mehlsen-768x575.jpg 768w\" sizes=\"auto, (max-width: 150px) 100vw, 150px\" \/><\/a><\/td><\/tr><tr><td class=\"has-text-align-center\" data-align=\"center\">2019-03-28 Generalforsamling &#8211; deltagere <\/td><td class=\"has-text-align-center\" data-align=\"center\">2019-03-28 Generalforsamling &#8211; Fanen f\u00f8res ud<\/td><td class=\"has-text-align-center\" data-align=\"center\">2019-04-25 Klubm\u00f8de<br>Fmd. Niels Bannergaard<br>25 \u00e5rs medalje Poul Bjarne Larsen<br>10 \u00e5rs n\u00e5l J\u00f8rn Mehlsen<\/td><\/tr><tr><td class=\"has-text-align-center\" data-align=\"center\"><a href=\"https:\/\/midtsjaelland.danmarksveteraner.dk\/wordpress\/wp-content\/uploads\/2019\/08\/2019-05-29-Peacekeepers-Day-Hans-Chr.-Foght.jpg\"><img loading=\"lazy\" decoding=\"async\" width=\"150\" height=\"113\" class=\"wp-image-981\" style=\"width: 150px;\" src=\"https:\/\/midtsjaelland.danmarksveteraner.dk\/wordpress\/wp-content\/uploads\/2019\/08\/2019-05-29-Peacekeepers-Day-Hans-Chr.-Foght.jpg\" alt=\"2019-05-29 Peacekeepers Dag p\u00e5 Kastellet\" srcset=\"https:\/\/midtsjaelland.danmarksveteraner.dk\/wordpress\/wp-content\/uploads\/2019\/08\/2019-05-29-Peacekeepers-Day-Hans-Chr.-Foght.jpg 1004w, https:\/\/midtsjaelland.danmarksveteraner.dk\/wordpress\/wp-content\/uploads\/2019\/08\/2019-05-29-Peacekeepers-Day-Hans-Chr.-Foght-300x225.jpg 300w, https:\/\/midtsjaelland.danmarksveteraner.dk\/wordpress\/wp-content\/uploads\/2019\/08\/2019-05-29-Peacekeepers-Day-Hans-Chr.-Foght-768x576.jpg 768w\" sizes=\"auto, (max-width: 150px) 100vw, 150px\" \/><\/a><\/td><td class=\"has-text-align-center\" data-align=\"center\"><a href=\"https:\/\/midtsjaelland.danmarksveteraner.dk\/wordpress\/wp-content\/uploads\/2019\/08\/2019-05-29-Peter-Schrader-Caza-6-60-\u00e5r.jpg\"><img loading=\"lazy\" decoding=\"async\" width=\"150\" height=\"100\" class=\"wp-image-983\" style=\"width: 150px;\" src=\"https:\/\/midtsjaelland.danmarksveteraner.dk\/wordpress\/wp-content\/uploads\/2019\/08\/2019-05-29-Peter-Schrader-Caza-6-60-\u00e5r.jpg\" alt=\"2019-05-29 Peacekeepers Dag p\u00e5 Kastellet\" srcset=\"https:\/\/midtsjaelland.danmarksveteraner.dk\/wordpress\/wp-content\/uploads\/2019\/08\/2019-05-29-Peter-Schrader-Caza-6-60-\u00e5r.jpg 992w, https:\/\/midtsjaelland.danmarksveteraner.dk\/wordpress\/wp-content\/uploads\/2019\/08\/2019-05-29-Peter-Schrader-Caza-6-60-\u00e5r-300x200.jpg 300w, https:\/\/midtsjaelland.danmarksveteraner.dk\/wordpress\/wp-content\/uploads\/2019\/08\/2019-05-29-Peter-Schrader-Caza-6-60-\u00e5r-768x512.jpg 768w\" sizes=\"auto, (max-width: 150px) 100vw, 150px\" \/><\/a><\/td><td class=\"has-text-align-center\" data-align=\"center\"><a href=\"https:\/\/midtsjaelland.danmarksveteraner.dk\/wordpress\/wp-content\/uploads\/2019\/08\/2019-05-29-Vagn-Ove-J\u00f8rgensen-Gaza-6-60-\u00e5r.jpg\"><img loading=\"lazy\" decoding=\"async\" width=\"150\" height=\"100\" class=\"wp-image-987\" style=\"width: 150px;\" src=\"https:\/\/midtsjaelland.danmarksveteraner.dk\/wordpress\/wp-content\/uploads\/2019\/08\/2019-05-29-Vagn-Ove-J\u00f8rgensen-Gaza-6-60-\u00e5r.jpg\" alt=\"2019-05-29 Peacekeepers Dag p\u00e5 Kastellet\" srcset=\"https:\/\/midtsjaelland.danmarksveteraner.dk\/wordpress\/wp-content\/uploads\/2019\/08\/2019-05-29-Vagn-Ove-J\u00f8rgensen-Gaza-6-60-\u00e5r.jpg 992w, https:\/\/midtsjaelland.danmarksveteraner.dk\/wordpress\/wp-content\/uploads\/2019\/08\/2019-05-29-Vagn-Ove-J\u00f8rgensen-Gaza-6-60-\u00e5r-300x200.jpg 300w, https:\/\/midtsjaelland.danmarksveteraner.dk\/wordpress\/wp-content\/uploads\/2019\/08\/2019-05-29-Vagn-Ove-J\u00f8rgensen-Gaza-6-60-\u00e5r-768x512.jpg 768w\" sizes=\"auto, (max-width: 150px) 100vw, 150px\" \/><\/a><\/td><\/tr><tr><td class=\"has-text-align-center\" data-align=\"center\">2019-05-29 Peacekeepers Dag p\u00e5 Kastellet<br>Hans Chr. Foght ( nr. 2)<\/td><td class=\"has-text-align-center\" data-align=\"center\">2019-05-29 Peacekeepers Dag p\u00e5 Kastellet<br>Peter Schrader, GAZA 6, modtager 60 \u00e5rs tegnet<br>Det Gyldne Egeblad af<br>Brigadegeneral Jette Albinus<\/td><td class=\"has-text-align-center\" data-align=\"center\">2019-05-29 Peacekeepers Dag p\u00e5 Kastellet<br>Vagn Ove J\u00f8rgensen, GAZA 6, modtager<br>60 \u00e5rs tegnet Det Gyldne Egeblad af<br>Brigadegeneral Jette Albinus<\/td><\/tr><tr><td class=\"has-text-align-center\" data-align=\"center\"><a href=\"https:\/\/midtsjaelland.danmarksveteraner.dk\/wordpress\/wp-content\/uploads\/2019\/08\/2019-06-07-HKH-Joachim-50-\u00e5r.jpg\"><img loading=\"lazy\" decoding=\"async\" width=\"150\" height=\"90\" class=\"wp-image-989\" style=\"width: 150px;\" src=\"https:\/\/midtsjaelland.danmarksveteraner.dk\/wordpress\/wp-content\/uploads\/2019\/08\/2019-06-07-HKH-Joachim-50-\u00e5r.jpg\" alt=\"2019-06-07 HKH Joachim 50 \u00e5r\" srcset=\"https:\/\/midtsjaelland.danmarksveteraner.dk\/wordpress\/wp-content\/uploads\/2019\/08\/2019-06-07-HKH-Joachim-50-\u00e5r.jpg 567w, https:\/\/midtsjaelland.danmarksveteraner.dk\/wordpress\/wp-content\/uploads\/2019\/08\/2019-06-07-HKH-Joachim-50-\u00e5r-300x180.jpg 300w\" sizes=\"auto, (max-width: 150px) 100vw, 150px\" \/><\/a><\/td><td class=\"has-text-align-center\" data-align=\"center\"><a href=\"https:\/\/midtsjaelland.danmarksveteraner.dk\/wordpress\/wp-content\/uploads\/2019\/08\/2019-06-07-HKH-Joachim-50-\u00e5r-Faneborg.jpg\"><img loading=\"lazy\" decoding=\"async\" width=\"150\" height=\"100\" class=\"wp-image-991\" style=\"width: 150px;\" src=\"https:\/\/midtsjaelland.danmarksveteraner.dk\/wordpress\/wp-content\/uploads\/2019\/08\/2019-06-07-HKH-Joachim-50-\u00e5r-Faneborg.jpg\" alt=\"2019-06-07 HKH Prins Joachim 50 \u00e5r Faneborg\" srcset=\"https:\/\/midtsjaelland.danmarksveteraner.dk\/wordpress\/wp-content\/uploads\/2019\/08\/2019-06-07-HKH-Joachim-50-\u00e5r-Faneborg.jpg 567w, https:\/\/midtsjaelland.danmarksveteraner.dk\/wordpress\/wp-content\/uploads\/2019\/08\/2019-06-07-HKH-Joachim-50-\u00e5r-Faneborg-300x199.jpg 300w\" sizes=\"auto, (max-width: 150px) 100vw, 150px\" \/><\/a><\/td><td class=\"has-text-align-center\" data-align=\"center\"><a href=\"https:\/\/midtsjaelland.danmarksveteraner.dk\/wordpress\/wp-content\/uploads\/2019\/08\/2019-08-29-P.-Schrader-F.-Hansen-E.-Justesen-Aa.-Hansen-V.O.-J\u00f8rgensen.jpg\"><img loading=\"lazy\" decoding=\"async\" width=\"150\" height=\"112\" class=\"wp-image-1039\" style=\"width: 150px;\" src=\"https:\/\/midtsjaelland.danmarksveteraner.dk\/wordpress\/wp-content\/uploads\/2019\/08\/2019-08-29-P.-Schrader-F.-Hansen-E.-Justesen-Aa.-Hansen-V.O.-J\u00f8rgensen.jpg\" alt=\"2019-08-29 Klubm\u00f8de\" srcset=\"https:\/\/midtsjaelland.danmarksveteraner.dk\/wordpress\/wp-content\/uploads\/2019\/08\/2019-08-29-P.-Schrader-F.-Hansen-E.-Justesen-Aa.-Hansen-V.O.-J\u00f8rgensen.jpg 1005w, https:\/\/midtsjaelland.danmarksveteraner.dk\/wordpress\/wp-content\/uploads\/2019\/08\/2019-08-29-P.-Schrader-F.-Hansen-E.-Justesen-Aa.-Hansen-V.O.-J\u00f8rgensen-300x224.jpg 300w, https:\/\/midtsjaelland.danmarksveteraner.dk\/wordpress\/wp-content\/uploads\/2019\/08\/2019-08-29-P.-Schrader-F.-Hansen-E.-Justesen-Aa.-Hansen-V.O.-J\u00f8rgensen-768x575.jpg 768w\" sizes=\"auto, (max-width: 150px) 100vw, 150px\" \/><\/a><\/td><\/tr><tr><td class=\"has-text-align-center\" data-align=\"center\">2019-06-07 HKH Joachim 50 \u00e5r<\/td><td class=\"has-text-align-center\" data-align=\"center\">2019-06-07 HKH Prins Joachim 50 \u00e5r Faneborg<\/td><td class=\"has-text-align-center\" data-align=\"center\">2019-08-29 Klubm\u00f8de<br>Modtagere af 60 \u00e5rs tegnet Det Gyldne Egeblad<br>Peter Schrader &#8211; Frede Hansen &#8211; Evald Justesen<br>Aage Hansen &#8211; Vagn Ove J\u00f8rgensen<\/td><\/tr><tr><td class=\"has-text-align-center\" data-align=\"center\"><a href=\"https:\/\/midtsjaelland.danmarksveteraner.dk\/wordpress\/wp-content\/uploads\/2020\/01\/2019-09-05-Flagdag-p\u00e5-Egholm-e1578475565995.jpg\"><img loading=\"lazy\" decoding=\"async\" width=\"150\" height=\"113\" class=\"wp-image-1527\" style=\"width: 150px;\" src=\"https:\/\/midtsjaelland.danmarksveteraner.dk\/wordpress\/wp-content\/uploads\/2020\/01\/2019-09-05-Flagdag-p\u00e5-Egholm-e1578475565995.jpg\" alt=\"2019-09-05 Flagdag p\u00e5 Egholm\"><\/a><\/td><td class=\"has-text-align-center\" data-align=\"center\"><a href=\"https:\/\/midtsjaelland.danmarksveteraner.dk\/wordpress\/wp-content\/uploads\/2019\/09\/2019-09-14-Formandsm\u00f8de.jpg\"><img loading=\"lazy\" decoding=\"async\" width=\"150\" height=\"100\" class=\"wp-image-1325\" style=\"width: 150px;\" src=\"https:\/\/midtsjaelland.danmarksveteraner.dk\/wordpress\/wp-content\/uploads\/2019\/09\/2019-09-14-Formandsm\u00f8de.jpg\" alt=\"2019-09-14 Formandsm\u00f8de p\u00e5 Antvorskov Kaserne\" srcset=\"https:\/\/midtsjaelland.danmarksveteraner.dk\/wordpress\/wp-content\/uploads\/2019\/09\/2019-09-14-Formandsm\u00f8de.jpg 1003w, https:\/\/midtsjaelland.danmarksveteraner.dk\/wordpress\/wp-content\/uploads\/2019\/09\/2019-09-14-Formandsm\u00f8de-300x200.jpg 300w, https:\/\/midtsjaelland.danmarksveteraner.dk\/wordpress\/wp-content\/uploads\/2019\/09\/2019-09-14-Formandsm\u00f8de-768x511.jpg 768w\" sizes=\"auto, (max-width: 150px) 100vw, 150px\" \/><\/a><\/td><td class=\"has-text-align-center\" data-align=\"center\"><a href=\"https:\/\/midtsjaelland.danmarksveteraner.dk\/wordpress\/wp-content\/uploads\/2019\/09\/P1070979.jpg\"><img loading=\"lazy\" decoding=\"async\" width=\"150\" height=\"113\" class=\"wp-image-1327\" style=\"width: 150px;\" src=\"https:\/\/midtsjaelland.danmarksveteraner.dk\/wordpress\/wp-content\/uploads\/2019\/09\/P1070979.jpg\" alt=\"2019-09-20 Mindelunden\" srcset=\"https:\/\/midtsjaelland.danmarksveteraner.dk\/wordpress\/wp-content\/uploads\/2019\/09\/P1070979.jpg 886w, https:\/\/midtsjaelland.danmarksveteraner.dk\/wordpress\/wp-content\/uploads\/2019\/09\/P1070979-300x225.jpg 300w, https:\/\/midtsjaelland.danmarksveteraner.dk\/wordpress\/wp-content\/uploads\/2019\/09\/P1070979-768x576.jpg 768w\" sizes=\"auto, (max-width: 150px) 100vw, 150px\" \/><\/a><\/td><\/tr><tr><td class=\"has-text-align-center\" data-align=\"center\">2019-09-05 Flagdag p\u00e5 Egholm<br>Henning Spj\u00e6t Larsen er med bl\u00e5 baret-<\/td><td class=\"has-text-align-center\" data-align=\"center\">2019-09-14 Formandsm\u00f8de p\u00e5 Antvorskov Kaserne<br>Formand Niels Bannergaard (hvid skjorte)<br>Fotograf: Vibeke Oliel.<\/td><td class=\"has-text-align-center\" data-align=\"center\">2019-09-20 Mindelunden<\/td><\/tr><tr><td class=\"has-text-align-center\" data-align=\"center\"><a href=\"https:\/\/midtsjaelland.danmarksveteraner.dk\/wordpress\/wp-content\/uploads\/2019\/09\/P1070984-e1569053507411.jpg\"><img loading=\"lazy\" decoding=\"async\" width=\"150\" height=\"200\" class=\"wp-image-1331\" style=\"width: 150px;\" src=\"https:\/\/midtsjaelland.danmarksveteraner.dk\/wordpress\/wp-content\/uploads\/2019\/09\/P1070984-e1569053507411.jpg\" alt=\"2019-09-20 Mindelunden\" srcset=\"https:\/\/midtsjaelland.danmarksveteraner.dk\/wordpress\/wp-content\/uploads\/2019\/09\/P1070984-e1569053507411.jpg 665w, https:\/\/midtsjaelland.danmarksveteraner.dk\/wordpress\/wp-content\/uploads\/2019\/09\/P1070984-e1569053507411-225x300.jpg 225w\" sizes=\"auto, (max-width: 150px) 100vw, 150px\" \/><\/a><\/td><td class=\"has-text-align-center\" data-align=\"center\"><a href=\"https:\/\/midtsjaelland.danmarksveteraner.dk\/wordpress\/wp-content\/uploads\/2019\/09\/P1070983.jpg\"><img loading=\"lazy\" decoding=\"async\" width=\"150\" height=\"200\" class=\"wp-image-1333\" style=\"width: 150px;\" src=\"https:\/\/midtsjaelland.danmarksveteraner.dk\/wordpress\/wp-content\/uploads\/2019\/09\/P1070983.jpg\" alt=\"2019-09-20 Mindelunden\" srcset=\"https:\/\/midtsjaelland.danmarksveteraner.dk\/wordpress\/wp-content\/uploads\/2019\/09\/P1070983.jpg 665w, https:\/\/midtsjaelland.danmarksveteraner.dk\/wordpress\/wp-content\/uploads\/2019\/09\/P1070983-225x300.jpg 225w\" sizes=\"auto, (max-width: 150px) 100vw, 150px\" \/><\/a><\/td><td class=\"has-text-align-center\" data-align=\"center\"><a href=\"https:\/\/midtsjaelland.danmarksveteraner.dk\/wordpress\/wp-content\/uploads\/2019\/09\/P1070985-e1569057959956.jpg\"><img loading=\"lazy\" decoding=\"async\" width=\"150\" height=\"200\" class=\"wp-image-1335\" style=\"width: 150px;\" src=\"https:\/\/midtsjaelland.danmarksveteraner.dk\/wordpress\/wp-content\/uploads\/2019\/09\/P1070985-e1569057959956.jpg\" alt=\"2019-09-20 Mindelunden\" srcset=\"https:\/\/midtsjaelland.danmarksveteraner.dk\/wordpress\/wp-content\/uploads\/2019\/09\/P1070985-e1569057959956.jpg 665w, https:\/\/midtsjaelland.danmarksveteraner.dk\/wordpress\/wp-content\/uploads\/2019\/09\/P1070985-e1569057959956-225x300.jpg 225w\" sizes=\"auto, (max-width: 150px) 100vw, 150px\" \/><\/a><\/td><\/tr><tr><td class=\"has-text-align-center\" data-align=\"center\">2019-09-20 Mindelunden<br>Mindesm\u00e6rke for de danskere,<br>der mistede livet som soldat<br>i dansk og allieret tjeneste<br>1940-45<\/td><td class=\"has-text-align-center\" data-align=\"center\">2019-09-20 Mindelunden<br>Mindesm\u00e6rke for de danske,<br>der mistede livet som soldat<br>i dansk og allieret tjeneste<br>1940-45<\/td><td class=\"has-text-align-center\" data-align=\"center\">2019-09-20 Mindelunden<br>Flemming Jepsen og Hans Chr. Foght<br>ved det nye mindesm\u00e6rke<\/td><\/tr><tr><td class=\"has-text-align-center\" data-align=\"center\"><a href=\"https:\/\/midtsjaelland.danmarksveteraner.dk\/wordpress\/wp-content\/uploads\/2019\/09\/P1070986.jpg\"><img loading=\"lazy\" decoding=\"async\" width=\"150\" height=\"113\" class=\"wp-image-1337\" style=\"width: 150px;\" src=\"https:\/\/midtsjaelland.danmarksveteraner.dk\/wordpress\/wp-content\/uploads\/2019\/09\/P1070986.jpg\" alt=\"2019-09-22 Egholm Museum\" srcset=\"https:\/\/midtsjaelland.danmarksveteraner.dk\/wordpress\/wp-content\/uploads\/2019\/09\/P1070986.jpg 886w, https:\/\/midtsjaelland.danmarksveteraner.dk\/wordpress\/wp-content\/uploads\/2019\/09\/P1070986-300x225.jpg 300w, https:\/\/midtsjaelland.danmarksveteraner.dk\/wordpress\/wp-content\/uploads\/2019\/09\/P1070986-768x576.jpg 768w\" sizes=\"auto, (max-width: 150px) 100vw, 150px\" \/><\/a><\/td><td class=\"has-text-align-center\" data-align=\"center\"><a href=\"https:\/\/midtsjaelland.danmarksveteraner.dk\/wordpress\/wp-content\/uploads\/2019\/09\/P1070988.jpg\"><img decoding=\"async\" src=\"https:\/\/midtsjaelland.danmarksveteraner.dk\/wordpress\/wp-content\/uploads\/2019\/09\/P1070988.jpg\" alt=\"2019-09-21 Egholm Museum\" style=\"width: 150px;\"><\/a><\/td><td class=\"has-text-align-center\" data-align=\"center\"><a href=\"https:\/\/midtsjaelland.danmarksveteraner.dk\/wordpress\/wp-content\/uploads\/2019\/09\/P1070991.jpg\"><img decoding=\"async\" src=\"https:\/\/midtsjaelland.danmarksveteraner.dk\/wordpress\/wp-content\/uploads\/2019\/09\/P1070991.jpg\" alt=\"2019-09-21 Egholm Museum\" style=\"width: 150px;\"><\/a><\/td><\/tr><tr><td class=\"has-text-align-center\" data-align=\"center\">2019-09-22 <br>Egholm Museum<\/td><td class=\"has-text-align-center\" data-align=\"center\">2019-09-21 <br>Egholm Museum<\/td><td class=\"has-text-align-center\" data-align=\"center\">2019-09-21 <br>Egholm Museum<\/td><\/tr><tr><td class=\"has-text-align-center\" data-align=\"center\"><a href=\"https:\/\/midtsjaelland.danmarksveteraner.dk\/wordpress\/wp-content\/uploads\/2019\/09\/P1070994-e1580149191448.jpg\"><img decoding=\"async\" src=\"https:\/\/midtsjaelland.danmarksveteraner.dk\/wordpress\/wp-content\/uploads\/2019\/09\/P1070994-e1580149191448.jpg\" alt=\"2019-09-21 Egholm Museum\"><\/a><\/td><td class=\"has-text-align-center\" data-align=\"center\"><a href=\"https:\/\/midtsjaelland.danmarksveteraner.dk\/wordpress\/wp-content\/uploads\/2019\/09\/P1080002.jpg\"><img decoding=\"async\" src=\"https:\/\/midtsjaelland.danmarksveteraner.dk\/wordpress\/wp-content\/uploads\/2019\/09\/P1080002.jpg\" alt=\"2019-09-21 Egholm Museum\"><\/a><\/td><td class=\"has-text-align-center\" data-align=\"center\"><a href=\"https:\/\/midtsjaelland.danmarksveteraner.dk\/wordpress\/wp-content\/uploads\/2019\/09\/P1080005.jpg\"><img decoding=\"async\" src=\"https:\/\/midtsjaelland.danmarksveteraner.dk\/wordpress\/wp-content\/uploads\/2019\/09\/P1080005.jpg\" alt=\"2019-09-21 Egholm Museum\"><\/a><\/td><\/tr><tr><td class=\"has-text-align-center\" data-align=\"center\">2019-09-21 <br>Egholm Museum<\/td><td class=\"has-text-align-center\" data-align=\"center\">2019-09-21 <br>Egholm Museum<\/td><td class=\"has-text-align-center\" data-align=\"center\">2019-09-21 <br>Egholm Museum<\/td><\/tr><tr><td class=\"has-text-align-center\" data-align=\"center\"><a href=\"https:\/\/midtsjaelland.danmarksveteraner.dk\/wordpress\/wp-content\/uploads\/2019\/09\/P1080024.jpg\"><img decoding=\"async\" src=\"https:\/\/midtsjaelland.danmarksveteraner.dk\/wordpress\/wp-content\/uploads\/2019\/09\/P1080024.jpg\" alt=\"2019-09-21 Egholm Museum\"><\/a><\/td><td class=\"has-text-align-center\" data-align=\"center\"><a href=\"https:\/\/midtsjaelland.danmarksveteraner.dk\/wordpress\/wp-content\/uploads\/2019\/09\/P1080026-e1569093699411.jpg\"><img decoding=\"async\" src=\"https:\/\/midtsjaelland.danmarksveteraner.dk\/wordpress\/wp-content\/uploads\/2019\/09\/P1080026-e1569093699411.jpg\" alt=\"2019-09-21 Egholm Museum\"><\/a><\/td><td class=\"has-text-align-center\" data-align=\"center\"><a href=\"https:\/\/midtsjaelland.danmarksveteraner.dk\/wordpress\/wp-content\/uploads\/2019\/09\/P1080005.jpg\"><img decoding=\"async\" src=\"https:\/\/midtsjaelland.danmarksveteraner.dk\/wordpress\/wp-content\/uploads\/2019\/09\/P1080005.jpg\" alt=\"2019-09-21 Egholm Museum\"><\/a><\/td><\/tr><tr><td class=\"has-text-align-center\" data-align=\"center\">2019-09-21<br>Egholm Museum<\/td><td class=\"has-text-align-center\" data-align=\"center\">2019-09-21 <br>Egholm Museum<\/td><td class=\"has-text-align-center\" data-align=\"center\">2019-09-21 <br>Egholm Museum<\/td><\/tr><tr><td class=\"has-text-align-center\" data-align=\"center\"><a href=\"https:\/\/midtsjaelland.danmarksveteraner.dk\/wordpress\/wp-content\/uploads\/2019\/09\/P1080006-1.jpg\"><img decoding=\"async\" src=\"https:\/\/midtsjaelland.danmarksveteraner.dk\/wordpress\/wp-content\/uploads\/2019\/09\/P1080006-1.jpg\" alt=\"2019-09-21 Egholm Museum\"><\/a><\/td><td class=\"has-text-align-center\" data-align=\"center\"><a href=\"https:\/\/midtsjaelland.danmarksveteraner.dk\/wordpress\/wp-content\/uploads\/2019\/09\/P1080007-1024x768.jpg\"><img decoding=\"async\" src=\"https:\/\/midtsjaelland.danmarksveteraner.dk\/wordpress\/wp-content\/uploads\/2019\/09\/P1080007-1024x768.jpg\" alt=\"2019-09-21 Egholm Museum\"><\/a><\/td><td class=\"has-text-align-center\" data-align=\"center\"><a href=\"https:\/\/midtsjaelland.danmarksveteraner.dk\/wordpress\/wp-content\/uploads\/2019\/09\/P1080009.jpg\"><img decoding=\"async\" src=\"https:\/\/midtsjaelland.danmarksveteraner.dk\/wordpress\/wp-content\/uploads\/2019\/09\/P1080009.jpg\" alt=\"2019-09-21 Egholm Museum\"><\/a><\/td><\/tr><tr><td class=\"has-text-align-center\" data-align=\"center\">2019-09-21 <br>Egholm Museum<\/td><td class=\"has-text-align-center\" data-align=\"center\">2019-09-21 <br>Egholm Museum<\/td><td class=\"has-text-align-center\" data-align=\"center\">2019-09-21 <br>Egholm Museum<\/td><\/tr><tr><td class=\"has-text-align-center\" data-align=\"center\"><a href=\"https:\/\/midtsjaelland.danmarksveteraner.dk\/wordpress\/wp-content\/uploads\/2019\/09\/P1080011.jpg\"><img decoding=\"async\" src=\"https:\/\/midtsjaelland.danmarksveteraner.dk\/wordpress\/wp-content\/uploads\/2019\/09\/P1080011.jpg\" alt=\"2019-09-21 Egholm Museum\"><\/a><\/td><td class=\"has-text-align-center\" data-align=\"center\"><a href=\"https:\/\/midtsjaelland.danmarksveteraner.dk\/wordpress\/wp-content\/uploads\/2019\/09\/P1080013.jpg\"><img decoding=\"async\" src=\"https:\/\/midtsjaelland.danmarksveteraner.dk\/wordpress\/wp-content\/uploads\/2019\/09\/P1080013.jpg\" alt=\"2019-09-21 Egholm Museum\"><\/a><\/td><td class=\"has-text-align-center\" data-align=\"center\"><a href=\"https:\/\/midtsjaelland.danmarksveteraner.dk\/wordpress\/wp-content\/uploads\/2019\/09\/P1080015.jpg\"><img decoding=\"async\" src=\"https:\/\/midtsjaelland.danmarksveteraner.dk\/wordpress\/wp-content\/uploads\/2019\/09\/P1080015.jpg\" alt=\"2019-09-21 Egholm Museum\"><\/a><\/td><\/tr><tr><td class=\"has-text-align-center\" data-align=\"center\">2019-09-21 <br>Egholm Museum<\/td><td class=\"has-text-align-center\" data-align=\"center\">2019-09-21 <br>Egholm Museum<\/td><td class=\"has-text-align-center\" data-align=\"center\">2019-09-21 <br>Egholm Museum<\/td><\/tr><tr><td class=\"has-text-align-center\" data-align=\"center\"><a href=\"https:\/\/midtsjaelland.danmarksveteraner.dk\/wordpress\/wp-content\/uploads\/2019\/09\/P1080018.jpg\"><img decoding=\"async\" src=\"https:\/\/midtsjaelland.danmarksveteraner.dk\/wordpress\/wp-content\/uploads\/2019\/09\/P1080018.jpg\" alt=\"2019-09-21 Egholm Museum\"><\/a><\/td><td class=\"has-text-align-center\" data-align=\"center\"><a href=\"https:\/\/midtsjaelland.danmarksveteraner.dk\/wordpress\/wp-content\/uploads\/2019\/09\/P1080028.jpg\"><img decoding=\"async\" src=\"https:\/\/midtsjaelland.danmarksveteraner.dk\/wordpress\/wp-content\/uploads\/2019\/09\/P1080028.jpg\" alt=\"2019-09-26 \nThorkild S. Kristensen  - modtager 60 \u00e5rs &quot;Egeblad&quot; - N. Bannergaard\"><\/a><\/td><td class=\"has-text-align-center\" data-align=\"center\"><a href=\"https:\/\/midtsjaelland.danmarksveteraner.dk\/wordpress\/wp-content\/uploads\/2019\/11\/2019-10-24-FN-p\u00e5-Kastellet-1.jpg\"><img decoding=\"async\" src=\"https:\/\/midtsjaelland.danmarksveteraner.dk\/wordpress\/wp-content\/uploads\/2019\/11\/2019-10-24-FN-p%C3%A5-Kastellet-1.jpg\" alt=\"This image has an empty alt attribute; its file name is 2019-10-24-FN-p\u00e5-Kastellet-1.jpg\"><\/a><\/td><\/tr><tr><td class=\"has-text-align-center\" data-align=\"center\">2019-09-21 <br>Egholm Museum<\/td><td class=\"has-text-align-center\" data-align=\"center\">2019-09-26<br>Thorkild S. Kristensen &#8211; modtager 60 \u00e5rs &#8220;Egeblad&#8221; &#8211; <br>N. Bannergaard<\/td><td class=\"has-text-align-center\" data-align=\"center\">2019-10-24 FN p\u00e5 Kastellet<\/td><\/tr><tr><td class=\"has-text-align-center\" data-align=\"center\"><a href=\"https:\/\/midtsjaelland.danmarksveteraner.dk\/wordpress\/wp-content\/uploads\/2019\/11\/2019-10-24-FN-p\u00e5-Kastellet-Hans-Chr.-Leif-Kjeld.jpg\"><img decoding=\"async\" src=\"https:\/\/midtsjaelland.danmarksveteraner.dk\/wordpress\/wp-content\/uploads\/2019\/11\/2019-10-24-FN-p%C3%A5-Kastellet-Hans-Chr.-Leif-Kjeld.jpg\" alt=\"2019-10-24 FN p\u00e5 Kastellet\"><\/a><\/td><td class=\"has-text-align-center\" data-align=\"center\"><a href=\"https:\/\/midtsjaelland.danmarksveteraner.dk\/wordpress\/wp-content\/uploads\/2019\/12\/P1080060.jpg\"><img decoding=\"async\" src=\"https:\/\/midtsjaelland.danmarksveteraner.dk\/wordpress\/wp-content\/uploads\/2019\/12\/P1080060.jpg\" alt=\"2019-11-28 Julem\u00f8de\"><\/a><\/td><td class=\"has-text-align-center\" data-align=\"center\"><a href=\"https:\/\/midtsjaelland.danmarksveteraner.dk\/wordpress\/wp-content\/uploads\/2019\/12\/2019-11-28-Julem\u00f8de-2.jpg\"><img decoding=\"async\" src=\"https:\/\/midtsjaelland.danmarksveteraner.dk\/wordpress\/wp-content\/uploads\/2019\/12\/2019-11-28-Julem%C3%B8de-2.jpg\" alt=\"2019-11-28 Julem\u00f8de\"><\/a><\/td><\/tr><tr><td class=\"has-text-align-center\" data-align=\"center\">2019-10-24 <br>FN p\u00e5 Kastellet<br>Hans Chr. &#8211; Leif Petersen &#8211; Kjeld Jensen<\/td><td class=\"has-text-align-center\" data-align=\"center\">2019-11-28 Julem\u00f8de<\/td><td class=\"has-text-align-center\" data-align=\"center\">2019-11-28 Julem\u00f8de Spj\u00e6t &#8211; C. Schrader &#8211; <br>P. Schrader<\/td><\/tr><tr><td class=\"has-text-align-center\" data-align=\"center\"><a href=\"https:\/\/midtsjaelland.danmarksveteraner.dk\/wordpress\/wp-content\/uploads\/2019\/12\/2019-11-28-Julem\u00f8de-3.jpg\"><img decoding=\"async\" src=\"https:\/\/midtsjaelland.danmarksveteraner.dk\/wordpress\/wp-content\/uploads\/2019\/12\/2019-11-28-Julem%C3%B8de-3.jpg\" alt=\"This image has an empty alt attribute; its file name is 2019-11-28-Julem\u00f8de-3.jpg\"><\/a><\/td><td class=\"has-text-align-center\" data-align=\"center\"><a href=\"https:\/\/midtsjaelland.danmarksveteraner.dk\/wordpress\/wp-content\/uploads\/2019\/12\/2019-12-04-Sct.-Bendts-Kirke-1024x768.jpg\"><img decoding=\"async\" src=\"https:\/\/midtsjaelland.danmarksveteraner.dk\/wordpress\/wp-content\/uploads\/2019\/12\/2019-12-04-Sct.-Bendts-Kirke-1024x768.jpg\" alt=\"This image has an empty alt attribute; its file name is 2019-12-04-Sct.-Bendts-Kirke-1024x768.jpg\"><\/a><\/td><td class=\"has-text-align-center\" data-align=\"center\"><a href=\"https:\/\/midtsjaelland.danmarksveteraner.dk\/wordpress\/wp-content\/uploads\/2020\/01\/2019-12-22-Mindedag-p\u00e5-Kastellet.jpg\"><img decoding=\"async\" src=\"https:\/\/midtsjaelland.danmarksveteraner.dk\/wordpress\/wp-content\/uploads\/2020\/01\/2019-12-22-Mindedag-p%C3%A5-Kastellet.jpg\" alt=\"This image has an empty alt attribute; its file name is 2019-12-22-Mindedag-p\u00e5-Kastellet.jpg\"><\/a><\/td><\/tr><tr><td class=\"has-text-align-center\" data-align=\"center\">2019-11-28 Julem\u00f8de<\/td><td class=\"has-text-align-center\" data-align=\"center\">2019-12-14 <br>Sct. Bendts Kirke, Ringsted<\/td><td class=\"has-text-align-center\" data-align=\"center\">2019-12-22<br>Mindedag p\u00e5 Kastellet<br>Flemming Jepsen og Hans Chr. Fogh<\/td><\/tr><\/tbody><\/table><\/figure>\n\n\n\n<p class=\"has-drop-cap\"><\/p>\n","protected":false},"excerpt":{"rendered":"<p>2018 &#8211; 2019Vinterskydning2 Nicolai Krogh1 Henrik Krogh3 Fl. Jepsen 2019-03-28Generalforsamling10 \u00e5rs n\u00e5l tilGunnar Petersen &#8211; Finn Aage Toldal &#8211;Flemming Pedersen<\/p>\n","protected":false},"author":9,"featured_media":0,"parent":797,"menu_order":29,"comment_status":"closed","ping_status":"closed","template":"","meta":{"colormag_page_container_layout":"default_layout","colormag_page_sidebar_layout":"default_layout","footnotes":""},"class_list":["post-802","page","type-page","status-publish","hentry"],"_links":{"self":[{"href":"https:\/\/midtsjaelland.danmarksveteraner.dk\/wordpress\/wp-json\/wp\/v2\/pages\/802","targetHints":{"allow":["GET"]}}],"collection":[{"href":"https:\/\/midtsjaelland.danmarksveteraner.dk\/wordpress\/wp-json\/wp\/v2\/pages"}],"about":[{"href":"https:\/\/midtsjaelland.danmarksveteraner.dk\/wordpress\/wp-json\/wp\/v2\/types\/page"}],"author":[{"embeddable":true,"href":"https:\/\/midtsjaelland.danmarksveteraner.dk\/wordpress\/wp-json\/wp\/v2\/users\/9"}],"replies":[{"embeddable":true,"href":"https:\/\/midtsjaelland.danmarksveteraner.dk\/wordpress\/wp-json\/wp\/v2\/comments?post=802"}],"version-history":[{"count":218,"href":"https:\/\/midtsjaelland.danmarksveteraner.dk\/wordpress\/wp-json\/wp\/v2\/pages\/802\/revisions"}],"predecessor-version":[{"id":1932,"href":"https:\/\/midtsjaelland.danmarksveteraner.dk\/wordpress\/wp-json\/wp\/v2\/pages\/802\/revisions\/1932"}],"up":[{"embeddable":true,"href":"https:\/\/midtsjaelland.danmarksveteraner.dk\/wordpress\/wp-json\/wp\/v2\/pages\/797"}],"wp:attachment":[{"href":"https:\/\/midtsjaelland.danmarksveteraner.dk\/wordpress\/wp-json\/wp\/v2\/media?parent=802"}],"curies":[{"name":"wp","href":"https:\/\/api.w.org\/{rel}","templated":true}]}}