{"id":2405,"date":"2021-01-25T16:17:23","date_gmt":"2021-01-25T15:17:23","guid":{"rendered":"https:\/\/midtsjaelland.danmarksveteraner.dk\/wordpress\/?page_id=2405"},"modified":"2022-01-18T12:37:23","modified_gmt":"2022-01-18T11:37:23","slug":"2021-2","status":"publish","type":"page","link":"https:\/\/midtsjaelland.danmarksveteraner.dk\/wordpress\/billeder\/2021-2\/","title":{"rendered":"2021"},"content":{"rendered":"\n<figure class=\"wp-block-table\"><table class=\"has-fixed-layout\"><tbody><tr><td class=\"has-text-align-center\" data-align=\"center\"><a href=\"https:\/\/midtsjaelland.danmarksveteraner.dk\/wordpress\/wp-content\/uploads\/2021\/10\/2021-05-29-Kastellet-Peacekeepers-Day-Egon-Madsen-modtager-60-aars-maerket-Det-Gyldne-Egeblad.jpg\" data-type=\"URL\" data-id=\"https:\/\/midtsjaelland.danmarksveteraner.dk\/wordpress\/wp-content\/uploads\/2021\/10\/2021-05-29-Kastellet-Peacekeepers-Day-Egon-Madsen-modtager-60-aars-maerket-Det-Gyldne-Egeblad.jpg\"><img decoding=\"async\" src=\"https:\/\/midtsjaelland.danmarksveteraner.dk\/wordpress\/wp-content\/uploads\/2021\/10\/2021-05-29-Kastellet-Peacekeepers-Day-Egon-Madsen-modtager-60-aars-maerket-Det-Gyldne-Egeblad.jpg\"><\/a><\/td><td class=\"has-text-align-center\" data-align=\"center\"><a href=\"https:\/\/midtsjaelland.danmarksveteraner.dk\/wordpress\/wp-content\/uploads\/2021\/10\/2021-05-29-Kastellet-Peacekeepers-Day-Kjeld-Ole-Jensen.jpg\" data-type=\"URL\" data-id=\"https:\/\/midtsjaelland.danmarksveteraner.dk\/wordpress\/wp-content\/uploads\/2021\/10\/2021-05-29-Kastellet-Peacekeepers-Day-Kjeld-Ole-Jensen.jpg\"><img decoding=\"async\" src=\"https:\/\/midtsjaelland.danmarksveteraner.dk\/wordpress\/wp-content\/uploads\/2021\/10\/2021-05-29-Kastellet-Peacekeepers-Day-Kjeld-Ole-Jensen-1024x680.jpg\"><\/a><\/td><td class=\"has-text-align-center\" data-align=\"center\"><a href=\"https:\/\/midtsjaelland.danmarksveteraner.dk\/wordpress\/wp-content\/uploads\/2021\/10\/2021-05-29-Kastellet-Peacekeepers-Day-Leif-B.B.-Petersen-modtager-60-aars-tegnet-Det-Gyldne-Egeblad.jpg\"><img decoding=\"async\" src=\"https:\/\/midtsjaelland.danmarksveteraner.dk\/wordpress\/wp-content\/uploads\/2021\/10\/2021-05-29-Kastellet-Peacekeepers-Day-Leif-B.B.-Petersen-modtager-60-aars-tegnet-Det-Gyldne-Egeblad.jpg\"><\/a><\/td><\/tr><tr><td class=\"has-text-align-center\" data-align=\"center\">2021-05-29 Peacekeepers Day Kastellet<br>Egon Madsen tildeles 60 \u00e5rs m\u00e6rket<br>&#8220;Det Gyldne Egeblad&#8221;<\/td><td class=\"has-text-align-center\" data-align=\"center\">2021-05-29 Peacekeepers Day Kastellet<br>Kjeld Ole Jensen<\/td><td class=\"has-text-align-center\" data-align=\"center\">2021-05-21 Peaceskeepers Day Kastellet<br>Leif B. B. Petersen tildeles 60 \u00e5rs m\u00e6rket<br>&#8220;Det Gyldne Egeblad&#8221;<\/td><\/tr><tr><td class=\"has-text-align-center\" data-align=\"center\"><a href=\"https:\/\/midtsjaelland.danmarksveteraner.dk\/wordpress\/wp-content\/uploads\/2021\/10\/2021-08-26-Boholte-Kirke-ny-Fane-modtages-af-Hans-Chr.-og-Kjeld.jpg\" data-type=\"URL\" data-id=\"https:\/\/midtsjaelland.danmarksveteraner.dk\/wordpress\/wp-content\/uploads\/2021\/10\/2021-08-26-Boholte-Kirke-ny-Fane-modtages-af-Hans-Chr.-og-Kjeld.jpg\"><img decoding=\"async\" src=\"https:\/\/midtsjaelland.danmarksveteraner.dk\/wordpress\/wp-content\/uploads\/2021\/10\/2021-08-26-Boholte-Kirke-ny-Fane-modtages-af-Hans-Chr.-og-Kjeld.jpg\"><\/a><\/td><td class=\"has-text-align-center\" data-align=\"center\"><a href=\"https:\/\/midtsjaelland.danmarksveteraner.dk\/wordpress\/wp-content\/uploads\/2021\/10\/2021-08-26-Boholte-Kirke-Fanekommando-Kjeld-Flemming-Hans-Chr..jpg\" data-type=\"URL\" data-id=\"https:\/\/midtsjaelland.danmarksveteraner.dk\/wordpress\/wp-content\/uploads\/2021\/10\/2021-08-26-Boholte-Kirke-Fanekommando-Kjeld-Flemming-Hans-Chr..jpg\"><img decoding=\"async\" src=\"https:\/\/midtsjaelland.danmarksveteraner.dk\/wordpress\/wp-content\/uploads\/2021\/10\/2021-08-26-Boholte-Kirke-Fanekommando-Kjeld-Flemming-Hans-Chr..jpg\"><\/a><\/td><td class=\"has-text-align-center\" data-align=\"center\"><a href=\"https:\/\/midtsjaelland.danmarksveteraner.dk\/wordpress\/wp-content\/uploads\/2021\/10\/Hans-Frede.jpg\" data-type=\"URL\" data-id=\"https:\/\/midtsjaelland.danmarksveteraner.dk\/wordpress\/wp-content\/uploads\/2021\/10\/Hans-Frede.jpg\"><img decoding=\"async\" src=\"https:\/\/midtsjaelland.danmarksveteraner.dk\/wordpress\/wp-content\/uploads\/2021\/10\/Hans-Frede.jpg\" style=\"width: 250px;\"><\/a><\/td><\/tr><tr><td class=\"has-text-align-center\" data-align=\"center\">2021-08-26 Boholte Kirke<br>Ny Fane modtages af Hans Chr. Foght og     Kjeld Ole Jensen<\/td><td class=\"has-text-align-center\" data-align=\"center\">2021-08-26 Boholte Kirke<br>Fanekommando Kjeld Ole Jensen,         Flemming Jepsen og Hans Chr. Foght<\/td><td class=\"has-text-align-center\" data-align=\"center\">2021-09-02 Borup<br>Hans Chr. Foght og Frede Hansen, fanevagter<br>donerer en ny plade til den nye fane<\/td><\/tr><tr><td class=\"has-text-align-center\" data-align=\"center\"><a href=\"https:\/\/midtsjaelland.danmarksveteraner.dk\/wordpress\/wp-content\/uploads\/2021\/10\/Stig.jpg\" data-type=\"URL\" data-id=\"https:\/\/midtsjaelland.danmarksveteraner.dk\/wordpress\/wp-content\/uploads\/2021\/10\/Stig.jpg\"><img decoding=\"async\" src=\"https:\/\/midtsjaelland.danmarksveteraner.dk\/wordpress\/wp-content\/uploads\/2021\/10\/Stig.jpg\"><\/a><\/td><td class=\"has-text-align-center\" data-align=\"center\"><a href=\"https:\/\/midtsjaelland.danmarksveteraner.dk\/wordpress\/wp-content\/uploads\/2021\/10\/Spjaet-20.jpg\" data-type=\"URL\" data-id=\"https:\/\/midtsjaelland.danmarksveteraner.dk\/wordpress\/wp-content\/uploads\/2021\/10\/Spjaet-20.jpg\"><img decoding=\"async\" src=\"https:\/\/midtsjaelland.danmarksveteraner.dk\/wordpress\/wp-content\/uploads\/2021\/10\/Spjaet-20.jpg\"><\/a><\/td><td class=\"has-text-align-center\" data-align=\"center\"><a href=\"https:\/\/midtsjaelland.danmarksveteraner.dk\/wordpress\/wp-content\/uploads\/2021\/10\/Spjaet-60-1.jpg\" data-type=\"URL\" data-id=\"https:\/\/midtsjaelland.danmarksveteraner.dk\/wordpress\/wp-content\/uploads\/2021\/10\/Spjaet-60-1.jpg\"><img decoding=\"async\" src=\"https:\/\/midtsjaelland.danmarksveteraner.dk\/wordpress\/wp-content\/uploads\/2021\/10\/Spjaet-60-1.jpg\" style=\"width: px;\"><\/a><\/td><\/tr><tr><td class=\"has-text-align-center\" data-align=\"center\">2021-09-02 Borup<br>Stig W. Rohde modtager 10 \u00e5rs n\u00e5l<\/td><td class=\"has-text-align-center\" data-align=\"center\">2021-09-02 Borup<br>Henning S\u00f8ren Larsen (Spj\u00e6t)<br>modtager 20 \u00e5rs n\u00e5l<\/td><td class=\"has-text-align-center\" data-align=\"center\">2021-09-02 Borup<br>Henning S\u00f8ren Larsen (Spj\u00e6t)<br>modtager 60 \u00e5rs m\u00e6rket<br>&#8220;Det Gyldne Egeblad&#8221;<\/td><\/tr><tr><td class=\"has-text-align-center\" data-align=\"center\"><a href=\"https:\/\/midtsjaelland.danmarksveteraner.dk\/wordpress\/wp-content\/uploads\/2021\/10\/Ove-60.jpg\" data-type=\"URL\" data-id=\"https:\/\/midtsjaelland.danmarksveteraner.dk\/wordpress\/wp-content\/uploads\/2021\/10\/Ove-60.jpg\"><img decoding=\"async\" src=\"https:\/\/midtsjaelland.danmarksveteraner.dk\/wordpress\/wp-content\/uploads\/2021\/10\/Ove-60.jpg\" style=\"width: px;\"><\/a><\/td><td class=\"has-text-align-center\" data-align=\"center\"><a href=\"https:\/\/midtsjaelland.danmarksveteraner.dk\/wordpress\/wp-content\/uploads\/2021\/10\/2021-09-05-Koege-Flagdagen-Flemming-og-Niels-Bannergaard.jpg\" data-type=\"URL\" data-id=\"https:\/\/midtsjaelland.danmarksveteraner.dk\/wordpress\/wp-content\/uploads\/2021\/10\/2021-09-05-Koege-Flagdagen-Flemming-og-Niels-Bannergaard.jpg\"><img decoding=\"async\" src=\"https:\/\/midtsjaelland.danmarksveteraner.dk\/wordpress\/wp-content\/uploads\/2021\/10\/2021-09-05-Koege-Flagdagen-Flemming-og-Niels-Bannergaard.jpg\" style=\"width: px;\"><\/a><\/td><td class=\"has-text-align-center\" data-align=\"center\"><a href=\"https:\/\/midtsjaelland.danmarksveteraner.dk\/wordpress\/wp-content\/uploads\/2021\/10\/2021-09-05-Egholm-Museum-Peter-Castenheim-Ole-Falck-Henning-Soeren-Larsen.png\" data-type=\"URL\" data-id=\"https:\/\/midtsjaelland.danmarksveteraner.dk\/wordpress\/wp-content\/uploads\/2021\/10\/2021-09-05-Egholm-Museum-Peter-Castenheim-Ole-Falck-Henning-Soeren-Larsen.png\"><img decoding=\"async\" src=\"https:\/\/midtsjaelland.danmarksveteraner.dk\/wordpress\/wp-content\/uploads\/2021\/10\/2021-09-05-Egholm-Museum-Peter-Castenheim-Ole-Falck-Henning-Soeren-Larsen.png\"><\/a><\/td><\/tr><tr><td class=\"has-text-align-center\" data-align=\"center\">2021-09-02 Borup<br>Ove Kj\u00e6rtain Nielsen modtager<br>60 \u00e5rs m\u00e6rker<br>&#8220;Det Gyldne Egeblad&#8221;<\/td><td class=\"has-text-align-center\" data-align=\"center\">2021-09-05 K\u00f8ge<br>National Flagdag<br>Flemming Jepsen og Niels Bannergaard<\/td><td class=\"has-text-align-center\" data-align=\"center\">2021-09-05 Egholm Gods og Museum<br>National Flagdag<br>Peter Castenheim, Godsejer Ole Falck og Henning S\u00f8ren Larsen (Spj\u00e6t)<\/td><\/tr><tr><td class=\"has-text-align-center\" data-align=\"center\"><a href=\"https:\/\/midtsjaelland.danmarksveteraner.dk\/wordpress\/wp-content\/uploads\/2021\/10\/2021-09-05-Egholm-Gods-og-Museum-Mindeplade.png\" data-type=\"URL\" data-id=\"https:\/\/midtsjaelland.danmarksveteraner.dk\/wordpress\/wp-content\/uploads\/2021\/10\/2021-09-05-Egholm-Gods-og-Museum-Mindeplade.png\"><img decoding=\"async\" src=\"https:\/\/midtsjaelland.danmarksveteraner.dk\/wordpress\/wp-content\/uploads\/2021\/10\/2021-09-05-Egholm-Gods-og-Museum-Mindeplade.png\" style=\"width: 250px;\"><\/a><\/td><td class=\"has-text-align-center\" data-align=\"center\"><a href=\"https:\/\/midtsjaelland.danmarksveteraner.dk\/wordpress\/wp-content\/uploads\/2021\/10\/DSC_0017.jpg\" data-type=\"URL\" data-id=\"https:\/\/midtsjaelland.danmarksveteraner.dk\/wordpress\/wp-content\/uploads\/2021\/10\/DSC_0017.jpg\"><img decoding=\"async\" src=\"https:\/\/midtsjaelland.danmarksveteraner.dk\/wordpress\/wp-content\/uploads\/2021\/10\/DSC_0017.jpg\" style=\"width: 250px;\"><\/a><\/td><td class=\"has-text-align-center\" data-align=\"center\">  <a href=\"https:\/\/midtsjaelland.danmarksveteraner.dk\/wordpress\/wp-content\/uploads\/2021\/10\/DSC_0019-rotated.jpg\" data-type=\"URL\" data-id=\"https:\/\/midtsjaelland.danmarksveteraner.dk\/wordpress\/wp-content\/uploads\/2021\/10\/DSC_0019-rotated.jpg\"><img decoding=\"async\" src=\"https:\/\/midtsjaelland.danmarksveteraner.dk\/wordpress\/wp-content\/uploads\/2021\/10\/DSC_0019-rotated.jpg\" style=\"width: 150px;\"><\/a><\/td><\/tr><tr><td class=\"has-text-align-center\" data-align=\"center\">2021-09-05 Egholm Gods og Museum<br>National Flagdag<br>Mindeplade<\/td><td class=\"has-text-align-center\" data-align=\"center\">2021-10-24 Borup<br>Midtsj\u00e6lland 40 \u00e5r<br>Landsformand Niels Hartvig Andersen og Formand Niels Bannergaard<\/td><td class=\"has-text-align-center\" data-align=\"center\">2021-10-24 Borup<br>Midtsj\u00e6lland 40 \u00e5r<br>Landsformand Niels Hartvig Andersen og fhv. fanevagt Hans Chr. Foght<\/td><\/tr><tr><td class=\"has-text-align-center\" data-align=\"center\"><a href=\"https:\/\/midtsjaelland.danmarksveteraner.dk\/wordpress\/wp-content\/uploads\/2021\/10\/DSC_0026-rotated.jpg\" data-type=\"URL\" data-id=\"https:\/\/midtsjaelland.danmarksveteraner.dk\/wordpress\/wp-content\/uploads\/2021\/10\/DSC_0026-rotated.jpg\"><img decoding=\"async\" src=\"https:\/\/midtsjaelland.danmarksveteraner.dk\/wordpress\/wp-content\/uploads\/2021\/10\/DSC_0026-rotated.jpg\" style=\"width: 150px;\"><\/a><\/td><td class=\"has-text-align-center\" data-align=\"center\"><a href=\"https:\/\/midtsjaelland.danmarksveteraner.dk\/wordpress\/wp-content\/uploads\/2021\/10\/DSC_0028-rotated.jpg\" data-type=\"URL\" data-id=\"https:\/\/midtsjaelland.danmarksveteraner.dk\/wordpress\/wp-content\/uploads\/2021\/10\/DSC_0028-rotated.jpg\"><img decoding=\"async\" src=\"https:\/\/midtsjaelland.danmarksveteraner.dk\/wordpress\/wp-content\/uploads\/2021\/10\/DSC_0028-rotated.jpg\" style=\"width: 150px;\"><\/a><\/td><td class=\"has-text-align-center\" data-align=\"center\"><a href=\"https:\/\/midtsjaelland.danmarksveteraner.dk\/wordpress\/wp-content\/uploads\/2021\/10\/DSC_0031.jpg\" data-type=\"URL\" data-id=\"https:\/\/midtsjaelland.danmarksveteraner.dk\/wordpress\/wp-content\/uploads\/2021\/10\/DSC_0031.jpg\"><img decoding=\"async\" src=\"https:\/\/midtsjaelland.danmarksveteraner.dk\/wordpress\/wp-content\/uploads\/2021\/10\/DSC_0031.jpg\"><\/a><\/td><\/tr><tr><td class=\"has-text-align-center\" data-align=\"center\">2021-10-24 Borup<br>Midtsj\u00e6lland 40 \u00e5r<br>Danmarks Samfundets K\u00f8ge Afdeling     Formand Uffe Lundgaard og Hans Chr. Foght<\/td><td class=\"has-text-align-center\" data-align=\"center\">2021-10-24 Borup<br>Midtsj\u00e6lland 40 \u00e5r<br>De Bl\u00e5 Baretters Landsformand 2003-2014 Bjarne Hesselberg og fru Lili<\/td><td class=\"has-text-align-center\" data-align=\"center\">2021-10-24 Borup<br>Midtsj\u00e6lland 40 \u00e5r<br>Velkomsttale af Formand Niels Bannergaard<\/td><\/tr><tr><td class=\"has-text-align-center\" data-align=\"center\"><a href=\"https:\/\/midtsjaelland.danmarksveteraner.dk\/wordpress\/wp-content\/uploads\/2021\/10\/DSC_0033.jpg\" data-type=\"URL\" data-id=\"https:\/\/midtsjaelland.danmarksveteraner.dk\/wordpress\/wp-content\/uploads\/2021\/10\/DSC_0033.jpg\"><img decoding=\"async\" src=\"https:\/\/midtsjaelland.danmarksveteraner.dk\/wordpress\/wp-content\/uploads\/2021\/10\/DSC_0033.jpg\" style=\"width: undefinedpx;\"><\/a><\/td><td class=\"has-text-align-center\" data-align=\"center\"><a href=\"https:\/\/midtsjaelland.danmarksveteraner.dk\/wordpress\/wp-content\/uploads\/2021\/10\/DSC_0035-rotated.jpg\" data-type=\"URL\" data-id=\"https:\/\/midtsjaelland.danmarksveteraner.dk\/wordpress\/wp-content\/uploads\/2021\/10\/DSC_0035-rotated.jpg\"><img decoding=\"async\" src=\"https:\/\/midtsjaelland.danmarksveteraner.dk\/wordpress\/wp-content\/uploads\/2021\/10\/DSC_0035-rotated.jpg\" style=\"width: 150px;\"><\/a><\/td><td class=\"has-text-align-center\" data-align=\"center\"><a href=\"https:\/\/midtsjaelland.danmarksveteraner.dk\/wordpress\/wp-content\/uploads\/2021\/10\/DSC_0040.jpg\" data-type=\"URL\" data-id=\"https:\/\/midtsjaelland.danmarksveteraner.dk\/wordpress\/wp-content\/uploads\/2021\/10\/DSC_0040.jpg\"><img decoding=\"async\" src=\"https:\/\/midtsjaelland.danmarksveteraner.dk\/wordpress\/wp-content\/uploads\/2021\/10\/DSC_0040.jpg\"><\/a><\/td><\/tr><tr><td class=\"has-text-align-center\" data-align=\"center\">2021-10-24 Borup<br>Midtsj\u00e6lland 40 \u00e5r<br>Ny fane f\u00f8res ind til indvielse af               Flemming Jepsen og Kjeld Ole Jensen<\/td><td class=\"has-text-align-center\" data-align=\"center\">2021-10-24 Borup<br>Midtsj\u00e6lland 40 \u00e5r<br>Ny fane<br>Flemming Jepsen og Kjeld Ole Jensen<\/td><td class=\"has-text-align-center\" data-align=\"center\">2021-10-24 Borup<br>Midtsj\u00e6lland 40 \u00e5r<br>Landsformand Niels Hartvig Andersen<br>sl\u00e5r 1. s\u00f8m i for Hendes Majest\u00e6t Dronningen<\/td><\/tr><tr><td class=\"has-text-align-center\" data-align=\"center\"><a href=\"https:\/\/midtsjaelland.danmarksveteraner.dk\/wordpress\/wp-content\/uploads\/2021\/10\/DSC_0042.jpg\" data-type=\"URL\" data-id=\"https:\/\/midtsjaelland.danmarksveteraner.dk\/wordpress\/wp-content\/uploads\/2021\/10\/DSC_0042.jpg\"><img decoding=\"async\" src=\"https:\/\/midtsjaelland.danmarksveteraner.dk\/wordpress\/wp-content\/uploads\/2021\/10\/DSC_0042.jpg\"><\/a><\/td><td class=\"has-text-align-center\" data-align=\"center\"><a href=\"https:\/\/midtsjaelland.danmarksveteraner.dk\/wordpress\/wp-content\/uploads\/2021\/10\/DSC_0043.jpg\" data-type=\"URL\" data-id=\"https:\/\/midtsjaelland.danmarksveteraner.dk\/wordpress\/wp-content\/uploads\/2021\/10\/DSC_0043.jpg\"><img decoding=\"async\" src=\"https:\/\/midtsjaelland.danmarksveteraner.dk\/wordpress\/wp-content\/uploads\/2021\/10\/DSC_0043.jpg\"><\/a><\/td><td class=\"has-text-align-center\" data-align=\"center\"><a href=\"https:\/\/midtsjaelland.danmarksveteraner.dk\/wordpress\/wp-content\/uploads\/2021\/10\/DSC_0044.jpg\" data-type=\"URL\" data-id=\"https:\/\/midtsjaelland.danmarksveteraner.dk\/wordpress\/wp-content\/uploads\/2021\/10\/DSC_0044.jpg\"><img decoding=\"async\" src=\"https:\/\/midtsjaelland.danmarksveteraner.dk\/wordpress\/wp-content\/uploads\/2021\/10\/DSC_0044.jpg\" style=\"width: undefinedpx;\"><\/a><\/td><\/tr><tr><td class=\"has-text-align-center\" data-align=\"center\">2021-10-24 Borup<br>Midtsj\u00e6lland 40 \u00e5r<br>Feltpr\u00e6st Torben Petersen sl\u00e5r 2. s\u00f8m i for F\u00e6drelandet<\/td><td class=\"has-text-align-center\" data-align=\"center\">2021-10-24 Borup<br>Midtsj\u00e6lland 40 \u00e5r<br>Formand Niels Bannergaard sl\u00e5r 3. s\u00f8m i for Midtsj\u00e6lland<\/td><td class=\"has-text-align-center\" data-align=\"center\">2021-10-24 Borup<br>Midtsj\u00e6lland 40 \u00e5r<\/td><\/tr><tr><td class=\"has-text-align-center\" data-align=\"center\"><a href=\"https:\/\/midtsjaelland.danmarksveteraner.dk\/wordpress\/wp-content\/uploads\/2021\/10\/DSC_0048-2.jpg\" data-type=\"URL\" data-id=\"https:\/\/midtsjaelland.danmarksveteraner.dk\/wordpress\/wp-content\/uploads\/2021\/10\/DSC_0048-2.jpg\"><img decoding=\"async\" src=\"https:\/\/midtsjaelland.danmarksveteraner.dk\/wordpress\/wp-content\/uploads\/2021\/10\/DSC_0048-2-635x1024.jpg\" style=\"width: 150px;\"><\/a>1<\/td><td class=\"has-text-align-center\" data-align=\"center\"><a href=\"https:\/\/midtsjaelland.danmarksveteraner.dk\/wordpress\/wp-content\/uploads\/2021\/10\/DSC_0055.jpg\" data-type=\"URL\" data-id=\"https:\/\/midtsjaelland.danmarksveteraner.dk\/wordpress\/wp-content\/uploads\/2021\/10\/DSC_0055.jpg\"><img decoding=\"async\" src=\"https:\/\/midtsjaelland.danmarksveteraner.dk\/wordpress\/wp-content\/uploads\/2021\/10\/DSC_0055.jpg\"><\/a><\/td><td class=\"has-text-align-center\" data-align=\"center\"><a href=\"https:\/\/midtsjaelland.danmarksveteraner.dk\/wordpress\/wp-content\/uploads\/2021\/10\/DSC_0057.jpg\" data-type=\"URL\" data-id=\"https:\/\/midtsjaelland.danmarksveteraner.dk\/wordpress\/wp-content\/uploads\/2021\/10\/DSC_0057.jpg\"><img decoding=\"async\" src=\"https:\/\/midtsjaelland.danmarksveteraner.dk\/wordpress\/wp-content\/uploads\/2021\/10\/DSC_0057.jpg\" style=\"width: undefinedpx;\"><\/a><\/td><\/tr><tr><td class=\"has-text-align-center\" data-align=\"center\">2021-10-24 Borup<br>Midtsj\u00e6lland 40 \u00e5r<br>Borgmester Marie St\u00e6rke<\/td><td class=\"has-text-align-center\" data-align=\"center\">2021-10-24 Borup<br>Midtsj\u00e6lland 40 \u00e5r<br>Feltpr\u00e6st Torben Petersen holder tale<\/td><td class=\"has-text-align-center\" data-align=\"center\">2021-10-24 Borup<br>Midtsj\u00e6lland 40 \u00e5r<br>G\u00e6ster<\/td><\/tr><tr><td class=\"has-text-align-center\" data-align=\"center\"><a href=\"https:\/\/midtsjaelland.danmarksveteraner.dk\/wordpress\/wp-content\/uploads\/2021\/10\/DSC_0058-rotated.jpg\" data-type=\"URL\" data-id=\"https:\/\/midtsjaelland.danmarksveteraner.dk\/wordpress\/wp-content\/uploads\/2021\/10\/DSC_0058-rotated.jpg\"><img decoding=\"async\" src=\"https:\/\/midtsjaelland.danmarksveteraner.dk\/wordpress\/wp-content\/uploads\/2021\/10\/DSC_0058-rotated.jpg\" style=\"width: 150px;\"><\/a><\/td><td class=\"has-text-align-center\" data-align=\"center\"><a href=\"https:\/\/midtsjaelland.danmarksveteraner.dk\/wordpress\/wp-content\/uploads\/2021\/10\/DSC_0062.jpg\" data-type=\"URL\" data-id=\"https:\/\/midtsjaelland.danmarksveteraner.dk\/wordpress\/wp-content\/uploads\/2021\/10\/DSC_0062.jpg\"><img decoding=\"async\" src=\"https:\/\/midtsjaelland.danmarksveteraner.dk\/wordpress\/wp-content\/uploads\/2021\/10\/DSC_0062.jpg\"><\/a><\/td><td class=\"has-text-align-center\" data-align=\"center\"><a href=\"https:\/\/midtsjaelland.danmarksveteraner.dk\/wordpress\/wp-content\/uploads\/2021\/10\/DSC_0063.jpg\" data-type=\"URL\" data-id=\"https:\/\/midtsjaelland.danmarksveteraner.dk\/wordpress\/wp-content\/uploads\/2021\/10\/DSC_0063.jpg\"><img decoding=\"async\" src=\"https:\/\/midtsjaelland.danmarksveteraner.dk\/wordpress\/wp-content\/uploads\/2021\/10\/DSC_0063.jpg\"><\/a><\/td><\/tr><tr><td class=\"has-text-align-center\" data-align=\"center\">2021-10-24 Borup<br>Midtsj\u00e6lland 40 \u00e5r<br>Landsformand Niels Hartvig Andersen       holder tale<\/td><td class=\"has-text-align-center\" data-align=\"center\">2021-10-24 Borup<br>Midtsj\u00e6lland 40 \u00e5r<br>Landsformand Niels Hartvig Andersen overr\u00e6kker DV&#8217;s gave til                            Formand Niels Bannergaard<\/td><td class=\"has-text-align-center\" data-align=\"center\">2021-10-24 Borup<br>Midtsj\u00e6lland 40 \u00e5r<br>Landsformand Niels Hartvig Andersen udbringer et tillykke og sk\u00e5l for Midtsj\u00e6lland<\/td><\/tr><tr><td class=\"has-text-align-center\" data-align=\"center\"><a href=\"https:\/\/midtsjaelland.danmarksveteraner.dk\/wordpress\/wp-content\/uploads\/2021\/10\/DSC_0064.jpg\" data-type=\"URL\" data-id=\"https:\/\/midtsjaelland.danmarksveteraner.dk\/wordpress\/wp-content\/uploads\/2021\/10\/DSC_0064.jpg\"><img decoding=\"async\" src=\"https:\/\/midtsjaelland.danmarksveteraner.dk\/wordpress\/wp-content\/uploads\/2021\/10\/DSC_0064.jpg\"><\/a><\/td><td class=\"has-text-align-center\" data-align=\"center\"><a href=\"https:\/\/midtsjaelland.danmarksveteraner.dk\/wordpress\/wp-content\/uploads\/2021\/10\/DSC_0068-rotated.jpg\" data-type=\"URL\" data-id=\"https:\/\/midtsjaelland.danmarksveteraner.dk\/wordpress\/wp-content\/uploads\/2021\/10\/DSC_0068-rotated.jpg\"><img decoding=\"async\" src=\"https:\/\/midtsjaelland.danmarksveteraner.dk\/wordpress\/wp-content\/uploads\/2021\/10\/DSC_0068-rotated.jpg\" style=\"width: 150px;\"><\/a><\/td><td class=\"has-text-align-center\" data-align=\"center\"><a href=\"https:\/\/midtsjaelland.danmarksveteraner.dk\/wordpress\/wp-content\/uploads\/2021\/10\/DSC_0070.jpg\" data-type=\"URL\" data-id=\"https:\/\/midtsjaelland.danmarksveteraner.dk\/wordpress\/wp-content\/uploads\/2021\/10\/DSC_0070.jpg\"><img decoding=\"async\" src=\"https:\/\/midtsjaelland.danmarksveteraner.dk\/wordpress\/wp-content\/uploads\/2021\/10\/DSC_0070.jpg\"><\/a><\/td><\/tr><tr><td class=\"has-text-align-center\" data-align=\"center\">2021-10-24 Borup<br>Midtsj\u00e6lland 40 \u00e5r<br>Flemming Jepsen modtager blomster og vin for sit arbejde med Midtsj\u00e6llands historie<\/td><td class=\"has-text-align-center\" data-align=\"center\">2021-10-24 Borup<br>Midtsj\u00e6lland 40 \u00e5r<br>Pro Patria Fondens Formand Bruno Juul     holder tale<\/td><td class=\"has-text-align-center\" data-align=\"center\">2021-10-24 Borup<br>Midtsj\u00e6lland 40 \u00e5r<br>Leif B.B. Petersen tildeles 40 \u00e5rs medlemsmedalje.<br>Leif er medstifter af Midtsj\u00e6lland<\/td><\/tr><tr><td class=\"has-text-align-center\" data-align=\"center\"><a href=\"https:\/\/midtsjaelland.danmarksveteraner.dk\/wordpress\/wp-content\/uploads\/2021\/10\/DSC_0071.jpg\" data-type=\"URL\" data-id=\"https:\/\/midtsjaelland.danmarksveteraner.dk\/wordpress\/wp-content\/uploads\/2021\/10\/DSC_0071.jpg\"><img decoding=\"async\" src=\"https:\/\/midtsjaelland.danmarksveteraner.dk\/wordpress\/wp-content\/uploads\/2021\/10\/DSC_0071.jpg\"><\/a><\/td><td class=\"has-text-align-center\" data-align=\"center\"><a href=\"https:\/\/midtsjaelland.danmarksveteraner.dk\/wordpress\/wp-content\/uploads\/2021\/10\/DSC_0073.jpg\" data-type=\"URL\" data-id=\"https:\/\/midtsjaelland.danmarksveteraner.dk\/wordpress\/wp-content\/uploads\/2021\/10\/DSC_0073.jpg\"><img decoding=\"async\" src=\"https:\/\/midtsjaelland.danmarksveteraner.dk\/wordpress\/wp-content\/uploads\/2021\/10\/DSC_0073.jpg\"><\/a><\/td><td class=\"has-text-align-center\" data-align=\"center\"><a href=\"https:\/\/midtsjaelland.danmarksveteraner.dk\/wordpress\/wp-content\/uploads\/2021\/10\/DSC_0075.jpg\" data-type=\"URL\" data-id=\"https:\/\/midtsjaelland.danmarksveteraner.dk\/wordpress\/wp-content\/uploads\/2021\/10\/DSC_0075.jpg\"><img decoding=\"async\" src=\"https:\/\/midtsjaelland.danmarksveteraner.dk\/wordpress\/wp-content\/uploads\/2021\/10\/DSC_0075.jpg\"><\/a><\/td><\/tr><tr><td class=\"has-text-align-center\" data-align=\"center\">2021-10-24 Borup<br>Midtsj\u00e6lland 40 \u00e5r<br>Ejlif Jensen tildeles 40 \u00e5rs medlemsmedalje.<br>Ejlif er medstifter af Midtsj\u00e6lland<\/td><td class=\"has-text-align-center\" data-align=\"center\">2021-10-24 Borup<br>Midtsj\u00e6lland 40 \u00e5r<br>Leif B.B. Petersen og Ejlif Jensen modtager g\u00e6sternes hyldest sammen med Formand Niels Bannergaard<\/td><td class=\"has-text-align-center\" data-align=\"center\">2021-10-24 Borup<br>Midtsj\u00e6lland 40 \u00e5r<br>Frede Hansen og Hans Chr. Foght tidl. fanevagter fra 2008-2021<\/td><\/tr><tr><td class=\"has-text-align-center\" data-align=\"center\"><a href=\"https:\/\/midtsjaelland.danmarksveteraner.dk\/wordpress\/wp-content\/uploads\/2021\/10\/P1080887.jpg\" data-type=\"URL\" data-id=\"https:\/\/midtsjaelland.danmarksveteraner.dk\/wordpress\/wp-content\/uploads\/2021\/10\/P1080887.jpg\"><img decoding=\"async\" src=\"https:\/\/midtsjaelland.danmarksveteraner.dk\/wordpress\/wp-content\/uploads\/2021\/10\/P1080887.jpg\"><\/a><\/td><td class=\"has-text-align-center\" data-align=\"center\"><a href=\"https:\/\/midtsjaelland.danmarksveteraner.dk\/wordpress\/wp-content\/uploads\/2021\/10\/P1080888.jpg\" data-type=\"URL\" data-id=\"https:\/\/midtsjaelland.danmarksveteraner.dk\/wordpress\/wp-content\/uploads\/2021\/10\/P1080888.jpg\"><img decoding=\"async\" src=\"https:\/\/midtsjaelland.danmarksveteraner.dk\/wordpress\/wp-content\/uploads\/2021\/10\/P1080888.jpg\"><\/a><\/td><td class=\"has-text-align-center\" data-align=\"center\"><a href=\"https:\/\/midtsjaelland.danmarksveteraner.dk\/wordpress\/wp-content\/uploads\/2021\/10\/P1080890.jpg\" data-type=\"URL\" data-id=\"https:\/\/midtsjaelland.danmarksveteraner.dk\/wordpress\/wp-content\/uploads\/2021\/10\/P1080890.jpg\"><img decoding=\"async\" src=\"https:\/\/midtsjaelland.danmarksveteraner.dk\/wordpress\/wp-content\/uploads\/2021\/10\/P1080890.jpg\"><\/a><\/td><\/tr><tr><td class=\"has-text-align-center\" data-align=\"center\">2021-10-24 Borup<br>Midtsj\u00e6lland 40 \u00e5r<br>1973-1981 Midtsj\u00e6llands historie<\/td><td class=\"has-text-align-center\" data-align=\"center\">2021-10-24<br>Midtsj\u00e6lland 40 \u00e5r<br>1981-1991 Midtsj\u00e6llands historie<\/td><td class=\"has-text-align-center\" data-align=\"center\">2021-10-24 Borup<br>Midtsj\u00e6lland 40 \u00e5r<br>1991-2001 Midtsj\u00e6llands historie<\/td><\/tr><tr><td class=\"has-text-align-center\" data-align=\"center\"><a href=\"https:\/\/midtsjaelland.danmarksveteraner.dk\/wordpress\/wp-content\/uploads\/2021\/10\/P1080891.jpg\" data-type=\"URL\" data-id=\"https:\/\/midtsjaelland.danmarksveteraner.dk\/wordpress\/wp-content\/uploads\/2021\/10\/P1080891.jpg\"><img decoding=\"async\" src=\"https:\/\/midtsjaelland.danmarksveteraner.dk\/wordpress\/wp-content\/uploads\/2021\/10\/P1080891.jpg\"><\/a><\/td><td class=\"has-text-align-center\" data-align=\"center\"><a href=\"https:\/\/midtsjaelland.danmarksveteraner.dk\/wordpress\/wp-content\/uploads\/2021\/10\/P1080892.jpg\" data-type=\"URL\" data-id=\"https:\/\/midtsjaelland.danmarksveteraner.dk\/wordpress\/wp-content\/uploads\/2021\/10\/P1080892.jpg\"><img decoding=\"async\" src=\"https:\/\/midtsjaelland.danmarksveteraner.dk\/wordpress\/wp-content\/uploads\/2021\/10\/P1080892.jpg\"><\/a><\/td><td class=\"has-text-align-center\" data-align=\"center\"><a href=\"https:\/\/midtsjaelland.danmarksveteraner.dk\/wordpress\/wp-content\/uploads\/2021\/10\/P1080893.jpg\" data-type=\"URL\" data-id=\"https:\/\/midtsjaelland.danmarksveteraner.dk\/wordpress\/wp-content\/uploads\/2021\/10\/P1080893.jpg\"><img decoding=\"async\" src=\"https:\/\/midtsjaelland.danmarksveteraner.dk\/wordpress\/wp-content\/uploads\/2021\/10\/P1080893.jpg\"><\/a><\/td><\/tr><tr><td class=\"has-text-align-center\" data-align=\"center\">2021-10-24 Borup<br>Midtsj\u00e6lland 40 \u00e5r<br>2001-2011 Midtsj\u00e6llands historie<\/td><td class=\"has-text-align-center\" data-align=\"center\">2021-10-24 Borup<br>Midtsj\u00e6lland 40 \u00e5r<br>2011-2021 Midtsj\u00e6llands historie<\/td><td class=\"has-text-align-center\" data-align=\"center\">2021-10-24 Borup<br>Midtsj\u00e6lland 40 \u00e5r<br>2011-2021 Midtsj\u00e6llands historie<\/td><\/tr><tr><td class=\"has-text-align-center\" data-align=\"center\"><a href=\"https:\/\/midtsjaelland.danmarksveteraner.dk\/wordpress\/wp-content\/uploads\/2021\/11\/P1080896.jpg\" data-type=\"URL\" data-id=\"https:\/\/midtsjaelland.danmarksveteraner.dk\/wordpress\/wp-content\/uploads\/2021\/11\/P1080896.jpg\"><img decoding=\"async\" src=\"https:\/\/midtsjaelland.danmarksveteraner.dk\/wordpress\/wp-content\/uploads\/2021\/11\/P1080896.jpg\"><\/a><\/td><td class=\"has-text-align-center\" data-align=\"center\"><a href=\"https:\/\/midtsjaelland.danmarksveteraner.dk\/wordpress\/wp-content\/uploads\/2021\/11\/P1080897.jpg\" data-type=\"URL\" data-id=\"https:\/\/midtsjaelland.danmarksveteraner.dk\/wordpress\/wp-content\/uploads\/2021\/11\/P1080897.jpg\"><img decoding=\"async\" src=\"https:\/\/midtsjaelland.danmarksveteraner.dk\/wordpress\/wp-content\/uploads\/2021\/11\/P1080897.jpg\"><\/a><\/td><td class=\"has-text-align-center\" data-align=\"center\"><a href=\"https:\/\/midtsjaelland.danmarksveteraner.dk\/wordpress\/wp-content\/uploads\/2021\/11\/P1080898.jpg\" data-type=\"URL\" data-id=\"https:\/\/midtsjaelland.danmarksveteraner.dk\/wordpress\/wp-content\/uploads\/2021\/11\/P1080898.jpg\"><img decoding=\"async\" src=\"https:\/\/midtsjaelland.danmarksveteraner.dk\/wordpress\/wp-content\/uploads\/2021\/11\/P1080898.jpg\"><\/a><\/td><\/tr><tr><td class=\"has-text-align-center\" data-align=\"center\">2021-11-25 Borup<br>Julem\u00f8de med familie<\/td><td class=\"has-text-align-center\" data-align=\"center\">2021-11-25 Borup<br>Julem\u00f8de<\/td><td class=\"has-text-align-center\" data-align=\"center\">2021-11-25 Borup<br>Julem\u00f8de<\/td><\/tr><tr><td class=\"has-text-align-center\" data-align=\"center\"><a href=\"https:\/\/midtsjaelland.danmarksveteraner.dk\/wordpress\/wp-content\/uploads\/2021\/11\/P1080899.jpg\" data-type=\"URL\" data-id=\"https:\/\/midtsjaelland.danmarksveteraner.dk\/wordpress\/wp-content\/uploads\/2021\/11\/P1080899.jpg\"><img decoding=\"async\" src=\"https:\/\/midtsjaelland.danmarksveteraner.dk\/wordpress\/wp-content\/uploads\/2021\/11\/P1080899.jpg\"><\/a><\/td><td class=\"has-text-align-center\" data-align=\"center\"><a href=\"https:\/\/midtsjaelland.danmarksveteraner.dk\/wordpress\/wp-content\/uploads\/2021\/11\/P1080902.jpg\" data-type=\"URL\" data-id=\"https:\/\/midtsjaelland.danmarksveteraner.dk\/wordpress\/wp-content\/uploads\/2021\/11\/P1080902.jpg\"><img decoding=\"async\" src=\"https:\/\/midtsjaelland.danmarksveteraner.dk\/wordpress\/wp-content\/uploads\/2021\/11\/P1080902.jpg\"><\/a><\/td><td class=\"has-text-align-center\" data-align=\"center\"><a href=\"https:\/\/midtsjaelland.danmarksveteraner.dk\/wordpress\/wp-content\/uploads\/2021\/12\/kirke.jpg\" data-type=\"URL\" data-id=\"https:\/\/midtsjaelland.danmarksveteraner.dk\/wordpress\/wp-content\/uploads\/2021\/12\/kirke.jpg\"><img decoding=\"async\" src=\"https:\/\/midtsjaelland.danmarksveteraner.dk\/wordpress\/wp-content\/uploads\/2021\/12\/kirke.jpg\" style=\"width: undefinedpx;\"><\/a><\/td><\/tr><tr><td class=\"has-text-align-center\" data-align=\"center\">2021-11-25 Borup<br>Julem\u00f8de<\/td><td class=\"has-text-align-center\" data-align=\"center\">2021-11-25 Borup<br>Julem\u00f8de<br>               Medstifter og N\u00e6stformand                                        Gunnar Bergstr\u00f6m, <br>har modtaget 40 \u00e5rs medlemsmedaljen af Formand Niels Bannergaard<\/td><td class=\"has-text-align-center\" data-align=\"center\">2021-12-01 Sct. Bendts Kirke RIngsted<br>VTC-DSL-Fl. Jepsen Midtsj.-Lolland Falster M\u00f8n-Nordvest Sj.<\/td><\/tr><tr><td class=\"has-text-align-center\" data-align=\"center\"><a href=\"https:\/\/midtsjaelland.danmarksveteraner.dk\/wordpress\/wp-content\/uploads\/2021\/12\/sct-bendts.jpg\" data-type=\"URL\" data-id=\"https:\/\/midtsjaelland.danmarksveteraner.dk\/wordpress\/wp-content\/uploads\/2021\/12\/sct-bendts.jpg\"><img decoding=\"async\" src=\"https:\/\/midtsjaelland.danmarksveteraner.dk\/wordpress\/wp-content\/uploads\/2021\/12\/sct-bendts.jpg\" style=\"width: px;\"><\/a><\/td><td class=\"has-text-align-center\" data-align=\"center\"><a href=\"https:\/\/midtsjaelland.danmarksveteraner.dk\/wordpress\/wp-content\/uploads\/2021\/12\/2021-12-19-Mindesten-1-rotated.jpg\" data-type=\"URL\" data-id=\"https:\/\/midtsjaelland.danmarksveteraner.dk\/wordpress\/wp-content\/uploads\/2021\/12\/2021-12-19-Mindesten-1-rotated.jpg\"><img decoding=\"async\" src=\"https:\/\/midtsjaelland.danmarksveteraner.dk\/wordpress\/wp-content\/uploads\/2021\/12\/2021-12-19-Mindesten-1-rotated.jpg\"><\/a><\/td><td class=\"has-text-align-center\" data-align=\"center\"><a href=\"https:\/\/midtsjaelland.danmarksveteraner.dk\/wordpress\/wp-content\/uploads\/2021\/12\/2021-12-19-Mindesten-2-rotated.jpg\" data-type=\"URL\" data-id=\"https:\/\/midtsjaelland.danmarksveteraner.dk\/wordpress\/wp-content\/uploads\/2021\/12\/2021-12-19-Mindesten-2-rotated.jpg\"><img decoding=\"async\" src=\"https:\/\/midtsjaelland.danmarksveteraner.dk\/wordpress\/wp-content\/uploads\/2021\/12\/2021-12-19-Mindesten-2-rotated.jpg\"><\/a><\/td><\/tr><tr><td class=\"has-text-align-center\" data-align=\"center\">2021-12-01 Sct. Bendts Kirke Ringsted<br>Kjeld Ole Jensen &#8211; Flemming Jepsen &#8211; Maud Pedersen &#8211; Kirsten Jepsen<\/td><td class=\"has-text-align-center\" data-align=\"center\">2021-12-19 K\u00f8ge<br>Mindedag ved Mindesten, Fmd. Bruno Juul holder tale. Flemming Jepsen med fane, Kjeld Ole Jensen, fanevagt<\/td><td class=\"has-text-align-center\" data-align=\"center\">2021-12-19 K\u00f8ge<br>Mindedag ved Mindesten<\/td><\/tr><tr><td class=\"has-text-align-center\" data-align=\"center\"><a href=\"https:\/\/midtsjaelland.danmarksveteraner.dk\/wordpress\/wp-content\/uploads\/2021\/12\/2021-12-19-Mindesten-3.jpg\" data-type=\"URL\" data-id=\"https:\/\/midtsjaelland.danmarksveteraner.dk\/wordpress\/wp-content\/uploads\/2021\/12\/2021-12-19-Mindesten-3.jpg\"><img decoding=\"async\" src=\"https:\/\/midtsjaelland.danmarksveteraner.dk\/wordpress\/wp-content\/uploads\/2021\/12\/2021-12-19-Mindesten-3.jpg\"><\/a><\/td><td class=\"has-text-align-center\" data-align=\"center\"><a href=\"https:\/\/midtsjaelland.danmarksveteraner.dk\/wordpress\/wp-content\/uploads\/2021\/12\/2021-12-19-Mindesten-4.jpg\" data-type=\"URL\" data-id=\"https:\/\/midtsjaelland.danmarksveteraner.dk\/wordpress\/wp-content\/uploads\/2021\/12\/2021-12-19-Mindesten-4.jpg\"><img decoding=\"async\" src=\"https:\/\/midtsjaelland.danmarksveteraner.dk\/wordpress\/wp-content\/uploads\/2021\/12\/2021-12-19-Mindesten-4.jpg\"><\/a><\/td><td class=\"has-text-align-center\" data-align=\"center\"><a href=\"https:\/\/midtsjaelland.danmarksveteraner.dk\/wordpress\/wp-content\/uploads\/2021\/12\/2021-12-19-Mindesten-5.jpg\" data-type=\"URL\" data-id=\"https:\/\/midtsjaelland.danmarksveteraner.dk\/wordpress\/wp-content\/uploads\/2021\/12\/2021-12-19-Mindesten-5.jpg\"><img decoding=\"async\" src=\"https:\/\/midtsjaelland.danmarksveteraner.dk\/wordpress\/wp-content\/uploads\/2021\/12\/2021-12-19-Mindesten-5.jpg\"><\/a><\/td><\/tr><tr><td class=\"has-text-align-center\" data-align=\"center\">2021-12-19 K\u00f8ge<br>Mindedag ved Mindesten,<br>hyggeligt samv\u00e6r efter ceremonien<\/td><td class=\"has-text-align-center\" data-align=\"center\">2021-12-19 K\u00f8ge<br>Mindedag ved Mindesten, <br>hyggeligt samv\u00e6r efter ceremonien<\/td><td class=\"has-text-align-center\" data-align=\"center\">2021-12-19 K\u00f8ge<br>Mindedag ved Mindesten<br>hyggeligt samv\u00e6r efter ceremonien<\/td><\/tr><tr><td class=\"has-text-align-center\" data-align=\"center\"><a href=\"https:\/\/midtsjaelland.danmarksveteraner.dk\/wordpress\/wp-content\/uploads\/2021\/12\/2021-12-19-Mindesten-6-rotated.jpg\" data-type=\"URL\" data-id=\"https:\/\/midtsjaelland.danmarksveteraner.dk\/wordpress\/wp-content\/uploads\/2021\/12\/2021-12-19-Mindesten-6-rotated.jpg\"><img decoding=\"async\" src=\"https:\/\/midtsjaelland.danmarksveteraner.dk\/wordpress\/wp-content\/uploads\/2021\/12\/2021-12-19-Mindesten-6-768x1024.jpg\" style=\"width: 150px;\"><\/a><\/td><td class=\"has-text-align-center\" data-align=\"center\"><\/td><td class=\"has-text-align-center\" data-align=\"center\"><\/td><\/tr><tr><td class=\"has-text-align-center\" data-align=\"center\">2021-12-19 K\u00f8ge<br>Mindedag ved Mindesten<\/td><td class=\"has-text-align-center\" data-align=\"center\"><\/td><td class=\"has-text-align-center\" data-align=\"center\"><\/td><\/tr><\/tbody><\/table><\/figure>\n\n\n\n<figure class=\"wp-block-table\"><table><tbody><tr><td><\/td><td><\/td><td><\/td><\/tr><\/tbody><\/table><\/figure>\n\n\n\n<p><\/p>\n","protected":false},"excerpt":{"rendered":"<p>2021-05-29 Peacekeepers Day KastelletEgon Madsen tildeles 60 \u00e5rs m\u00e6rket&#8220;Det Gyldne Egeblad&#8221; 2021-05-29 Peacekeepers Day KastelletKjeld Ole Jensen 2021-05-21 Peaceskeepers Day<\/p>\n","protected":false},"author":10,"featured_media":0,"parent":797,"menu_order":18,"comment_status":"closed","ping_status":"closed","template":"","meta":{"colormag_page_container_layout":"default_layout","colormag_page_sidebar_layout":"default_layout","footnotes":""},"class_list":["post-2405","page","type-page","status-publish","hentry"],"_links":{"self":[{"href":"https:\/\/midtsjaelland.danmarksveteraner.dk\/wordpress\/wp-json\/wp\/v2\/pages\/2405","targetHints":{"allow":["GET"]}}],"collection":[{"href":"https:\/\/midtsjaelland.danmarksveteraner.dk\/wordpress\/wp-json\/wp\/v2\/pages"}],"about":[{"href":"https:\/\/midtsjaelland.danmarksveteraner.dk\/wordpress\/wp-json\/wp\/v2\/types\/page"}],"author":[{"embeddable":true,"href":"https:\/\/midtsjaelland.danmarksveteraner.dk\/wordpress\/wp-json\/wp\/v2\/users\/10"}],"replies":[{"embeddable":true,"href":"https:\/\/midtsjaelland.danmarksveteraner.dk\/wordpress\/wp-json\/wp\/v2\/comments?post=2405"}],"version-history":[{"count":171,"href":"https:\/\/midtsjaelland.danmarksveteraner.dk\/wordpress\/wp-json\/wp\/v2\/pages\/2405\/revisions"}],"predecessor-version":[{"id":2867,"href":"https:\/\/midtsjaelland.danmarksveteraner.dk\/wordpress\/wp-json\/wp\/v2\/pages\/2405\/revisions\/2867"}],"up":[{"embeddable":true,"href":"https:\/\/midtsjaelland.danmarksveteraner.dk\/wordpress\/wp-json\/wp\/v2\/pages\/797"}],"wp:attachment":[{"href":"https:\/\/midtsjaelland.danmarksveteraner.dk\/wordpress\/wp-json\/wp\/v2\/media?parent=2405"}],"curies":[{"name":"wp","href":"https:\/\/api.w.org\/{rel}","templated":true}]}}